{"id":2245,"date":"2025-04-10T15:22:45","date_gmt":"2025-04-10T15:22:45","guid":{"rendered":"https:\/\/castellgardenylleida.com\/?page_id=2245"},"modified":"2026-04-02T08:36:28","modified_gmt":"2026-04-02T08:36:28","slug":"diada-turo-gardeny","status":"publish","type":"page","link":"https:\/\/castellgardenylleida.com\/ca\/diada-turo-gardeny\/","title":{"rendered":"Diada Tur\u00f3 Gardeny"},"content":{"rendered":"<div class=\"wpb-content-wrapper\"><div class=\"vc_row wpb_row vc_row-fluid vc_column-gap-35 shape_divider_top-none shape_divider_bottom-none\"><div class=\"wpb_column vc_column_container vc_col-sm-12 sc_layouts_column_icons_position_left\"><div class=\"vc_column-inner\"><div class=\"wpb_wrapper\"><div class=\"vc_empty_space\"   style=\"height: 35px\"><span class=\"vc_empty_space_inner\"><\/span><\/div><div class=\"vc_empty_space  hide_on_desktop hide_on_notebook hide_on_tablet\"   style=\"height: 500px\"><span class=\"vc_empty_space_inner\"><\/span><\/div>\n\t<div class=\"wpb_text_column wpb_content_element\" >\n\t\t<div class=\"wpb_wrapper\">\n\t\t\t<h3 style=\"text-align: left;\">IV Diada Tur\u00f3 de Gardeny 2026 a Lleida<\/h3>\n\n\t\t<\/div>\n\t<\/div>\n\n\t<div  class=\"wpb_single_image wpb_content_element vc_align_center wpb_content_element\">\n\t\t\n\t\t<figure class=\"wpb_wrapper vc_figure\">\n\t\t\t<a class=\"\" data-lightbox=\"lightbox[rel-2245-3285877648]\" href=\"https:\/\/castellgardenylleida.com\/wp-content\/smush-webp\/2026\/03\/WEB_Cartell_DiadaCastellGardeny_2026-01-677x1024.jpg.webp\" target=\"_self\" data-smush-webp-fallback=\"{&quot;href&quot;:&quot;https:\\\/\\\/castellgardenylleida.com\\\/wp-content\\\/uploads\\\/2026\\\/03\\\/WEB_Cartell_DiadaCastellGardeny_2026-01-677x1024.jpg&quot;}\"><img decoding=\"async\" width=\"1693\" height=\"2560\" data-src=\"https:\/\/castellgardenylleida.com\/wp-content\/uploads\/2026\/03\/WEB_Cartell_DiadaCastellGardeny_2026-01-scaled.jpg\" class=\"vc_single_image-img attachment-full lazyload\" alt=\"\" title=\"WEB_Cartell_DiadaCastellGardeny_2026-01\" data-srcset=\"https:\/\/castellgardenylleida.com\/wp-content\/uploads\/2026\/03\/WEB_Cartell_DiadaCastellGardeny_2026-01-scaled.jpg 1693w, https:\/\/castellgardenylleida.com\/wp-content\/smush-webp\/2026\/03\/WEB_Cartell_DiadaCastellGardeny_2026-01-198x300.jpg.webp 198w, https:\/\/castellgardenylleida.com\/wp-content\/smush-webp\/2026\/03\/WEB_Cartell_DiadaCastellGardeny_2026-01-677x1024.jpg.webp 677w, https:\/\/castellgardenylleida.com\/wp-content\/smush-webp\/2026\/03\/WEB_Cartell_DiadaCastellGardeny_2026-01-768x1161.jpg.webp 768w, https:\/\/castellgardenylleida.com\/wp-content\/uploads\/2026\/03\/WEB_Cartell_DiadaCastellGardeny_2026-01-1016x1536.jpg 1016w, https:\/\/castellgardenylleida.com\/wp-content\/uploads\/2026\/03\/WEB_Cartell_DiadaCastellGardeny_2026-01-1354x2048.jpg 1354w, https:\/\/castellgardenylleida.com\/wp-content\/smush-webp\/2026\/03\/WEB_Cartell_DiadaCastellGardeny_2026-01-8x12.jpg.webp 8w, https:\/\/castellgardenylleida.com\/wp-content\/smush-webp\/2026\/03\/WEB_Cartell_DiadaCastellGardeny_2026-01-370x560.jpg.webp 370w, https:\/\/castellgardenylleida.com\/wp-content\/uploads\/2026\/03\/WEB_Cartell_DiadaCastellGardeny_2026-01-760x1149.jpg 760w, https:\/\/castellgardenylleida.com\/wp-content\/uploads\/2026\/03\/WEB_Cartell_DiadaCastellGardeny_2026-01-1520x2299.jpg 1520w, https:\/\/castellgardenylleida.com\/wp-content\/uploads\/2026\/03\/WEB_Cartell_DiadaCastellGardeny_2026-01-740x1119.jpg 740w\" data-sizes=\"(max-width: 1693px) 100vw, 1693px\" src=\"data:image\/gif;base64,R0lGODlhAQABAAAAACH5BAEKAAEALAAAAAABAAEAAAICTAEAOw==\" style=\"--smush-placeholder-width: 1693px; --smush-placeholder-aspect-ratio: 1693\/2560;\" data-smush-webp-fallback=\"{&quot;data-srcset&quot;:&quot;https:\\\/\\\/castellgardenylleida.com\\\/wp-content\\\/uploads\\\/2026\\\/03\\\/WEB_Cartell_DiadaCastellGardeny_2026-01-scaled.jpg 1693w, https:\\\/\\\/castellgardenylleida.com\\\/wp-content\\\/uploads\\\/2026\\\/03\\\/WEB_Cartell_DiadaCastellGardeny_2026-01-198x300.jpg 198w, https:\\\/\\\/castellgardenylleida.com\\\/wp-content\\\/uploads\\\/2026\\\/03\\\/WEB_Cartell_DiadaCastellGardeny_2026-01-677x1024.jpg 677w, https:\\\/\\\/castellgardenylleida.com\\\/wp-content\\\/uploads\\\/2026\\\/03\\\/WEB_Cartell_DiadaCastellGardeny_2026-01-768x1161.jpg 768w, https:\\\/\\\/castellgardenylleida.com\\\/wp-content\\\/uploads\\\/2026\\\/03\\\/WEB_Cartell_DiadaCastellGardeny_2026-01-1016x1536.jpg 1016w, https:\\\/\\\/castellgardenylleida.com\\\/wp-content\\\/uploads\\\/2026\\\/03\\\/WEB_Cartell_DiadaCastellGardeny_2026-01-1354x2048.jpg 1354w, https:\\\/\\\/castellgardenylleida.com\\\/wp-content\\\/uploads\\\/2026\\\/03\\\/WEB_Cartell_DiadaCastellGardeny_2026-01-8x12.jpg 8w, https:\\\/\\\/castellgardenylleida.com\\\/wp-content\\\/uploads\\\/2026\\\/03\\\/WEB_Cartell_DiadaCastellGardeny_2026-01-370x560.jpg 370w, https:\\\/\\\/castellgardenylleida.com\\\/wp-content\\\/uploads\\\/2026\\\/03\\\/WEB_Cartell_DiadaCastellGardeny_2026-01-760x1149.jpg 760w, https:\\\/\\\/castellgardenylleida.com\\\/wp-content\\\/uploads\\\/2026\\\/03\\\/WEB_Cartell_DiadaCastellGardeny_2026-01-1520x2299.jpg 1520w, https:\\\/\\\/castellgardenylleida.com\\\/wp-content\\\/uploads\\\/2026\\\/03\\\/WEB_Cartell_DiadaCastellGardeny_2026-01-740x1119.jpg 740w&quot;}\" \/><\/a>\n\t\t<\/figure>\n\t<\/div>\n\n\t<div  class=\"wpb_single_image wpb_content_element vc_align_center wpb_content_element wpb_animate_when_almost_visible wpb_fadeIn fadeIn vc_custom_1775118981597\">\n\t\t\n\t\t<figure class=\"wpb_wrapper vc_figure\">\n\t\t\t<a class=\"\" data-lightbox=\"lightbox[rel-2245-3714108483]\" href=\"https:\/\/castellgardenylleida.com\/wp-content\/smush-webp\/2026\/04\/Programa_IV_DiadaCastellGardeny_2026_WEB_programa-1-407x1024.jpg.webp\" target=\"_self\" data-smush-webp-fallback=\"{&quot;href&quot;:&quot;https:\\\/\\\/castellgardenylleida.com\\\/wp-content\\\/uploads\\\/2026\\\/04\\\/Programa_IV_DiadaCastellGardeny_2026_WEB_programa-1-407x1024.jpg&quot;}\"><img decoding=\"async\" width=\"875\" height=\"2204\" data-src=\"https:\/\/castellgardenylleida.com\/wp-content\/smush-webp\/2026\/04\/Programa_IV_DiadaCastellGardeny_2026_WEB_programa-1.jpg.webp\" class=\"vc_single_image-img attachment-full lazyload\" alt=\"\" title=\"Programa_IV_DiadaCastellGardeny_2026_WEB_programa\" data-srcset=\"https:\/\/castellgardenylleida.com\/wp-content\/smush-webp\/2026\/04\/Programa_IV_DiadaCastellGardeny_2026_WEB_programa-1.jpg.webp 875w, https:\/\/castellgardenylleida.com\/wp-content\/smush-webp\/2026\/04\/Programa_IV_DiadaCastellGardeny_2026_WEB_programa-1-119x300.jpg.webp 119w, https:\/\/castellgardenylleida.com\/wp-content\/smush-webp\/2026\/04\/Programa_IV_DiadaCastellGardeny_2026_WEB_programa-1-407x1024.jpg.webp 407w, https:\/\/castellgardenylleida.com\/wp-content\/smush-webp\/2026\/04\/Programa_IV_DiadaCastellGardeny_2026_WEB_programa-1-768x1934.jpg.webp 768w, https:\/\/castellgardenylleida.com\/wp-content\/smush-webp\/2026\/04\/Programa_IV_DiadaCastellGardeny_2026_WEB_programa-1-610x1536.jpg.webp 610w, https:\/\/castellgardenylleida.com\/wp-content\/smush-webp\/2026\/04\/Programa_IV_DiadaCastellGardeny_2026_WEB_programa-1-813x2048.jpg.webp 813w, https:\/\/castellgardenylleida.com\/wp-content\/smush-webp\/2026\/04\/Programa_IV_DiadaCastellGardeny_2026_WEB_programa-1-5x12.jpg.webp 5w, https:\/\/castellgardenylleida.com\/wp-content\/smush-webp\/2026\/04\/Programa_IV_DiadaCastellGardeny_2026_WEB_programa-1-370x932.jpg.webp 370w, https:\/\/castellgardenylleida.com\/wp-content\/smush-webp\/2026\/04\/Programa_IV_DiadaCastellGardeny_2026_WEB_programa-1-760x1914.jpg.webp 760w, https:\/\/castellgardenylleida.com\/wp-content\/smush-webp\/2026\/04\/Programa_IV_DiadaCastellGardeny_2026_WEB_programa-1-740x1864.jpg.webp 740w\" data-sizes=\"(max-width: 875px) 100vw, 875px\" src=\"data:image\/gif;base64,R0lGODlhAQABAAAAACH5BAEKAAEALAAAAAABAAEAAAICTAEAOw==\" style=\"--smush-placeholder-width: 875px; --smush-placeholder-aspect-ratio: 875\/2204;\" data-smush-webp-fallback=\"{&quot;data-src&quot;:&quot;https:\\\/\\\/castellgardenylleida.com\\\/wp-content\\\/uploads\\\/2026\\\/04\\\/Programa_IV_DiadaCastellGardeny_2026_WEB_programa-1.jpg&quot;,&quot;data-srcset&quot;:&quot;https:\\\/\\\/castellgardenylleida.com\\\/wp-content\\\/uploads\\\/2026\\\/04\\\/Programa_IV_DiadaCastellGardeny_2026_WEB_programa-1.jpg 875w, https:\\\/\\\/castellgardenylleida.com\\\/wp-content\\\/uploads\\\/2026\\\/04\\\/Programa_IV_DiadaCastellGardeny_2026_WEB_programa-1-119x300.jpg 119w, https:\\\/\\\/castellgardenylleida.com\\\/wp-content\\\/uploads\\\/2026\\\/04\\\/Programa_IV_DiadaCastellGardeny_2026_WEB_programa-1-407x1024.jpg 407w, https:\\\/\\\/castellgardenylleida.com\\\/wp-content\\\/uploads\\\/2026\\\/04\\\/Programa_IV_DiadaCastellGardeny_2026_WEB_programa-1-768x1934.jpg 768w, https:\\\/\\\/castellgardenylleida.com\\\/wp-content\\\/uploads\\\/2026\\\/04\\\/Programa_IV_DiadaCastellGardeny_2026_WEB_programa-1-610x1536.jpg 610w, https:\\\/\\\/castellgardenylleida.com\\\/wp-content\\\/uploads\\\/2026\\\/04\\\/Programa_IV_DiadaCastellGardeny_2026_WEB_programa-1-813x2048.jpg 813w, https:\\\/\\\/castellgardenylleida.com\\\/wp-content\\\/uploads\\\/2026\\\/04\\\/Programa_IV_DiadaCastellGardeny_2026_WEB_programa-1-5x12.jpg 5w, https:\\\/\\\/castellgardenylleida.com\\\/wp-content\\\/uploads\\\/2026\\\/04\\\/Programa_IV_DiadaCastellGardeny_2026_WEB_programa-1-370x932.jpg 370w, https:\\\/\\\/castellgardenylleida.com\\\/wp-content\\\/uploads\\\/2026\\\/04\\\/Programa_IV_DiadaCastellGardeny_2026_WEB_programa-1-760x1914.jpg 760w, https:\\\/\\\/castellgardenylleida.com\\\/wp-content\\\/uploads\\\/2026\\\/04\\\/Programa_IV_DiadaCastellGardeny_2026_WEB_programa-1-740x1864.jpg 740w&quot;}\" \/><\/a>\n\t\t<\/figure>\n\t<\/div>\n<div class=\"vc_empty_space\"   style=\"height: 50px\"><span class=\"vc_empty_space_inner\"><\/span><\/div>\n\t<div class=\"wpb_text_column wpb_content_element\" >\n\t\t<div class=\"wpb_wrapper\">\n\t\t\t<h4><strong>Una jornada per viure la hist\u00f2ria, la cultura i la festa al cor templer de Lleida<\/strong><\/h4>\n<p>El pr\u00f2xim 11 d\u2019abril de 2026, el Tur\u00f3 de Gardeny es tornar\u00e0 a omplir de vida amb la celebraci\u00f3 de la IV Diada del Tur\u00f3 de Gardeny, una jornada \u00fanica que fusiona patrimoni, divulgaci\u00f3 i activitats per a tots els p\u00fablics en un entorn hist\u00f2ric incomparable.<\/p>\n<p>Organitzada per l\u2019Associaci\u00f3 Cultural Castell de Gardeny, la diada ofereix una oportunitat per con\u00e8ixer i gaudir del conjunt monumental de l\u2019antiga comanda templera de Gardeny, un dels millors exemples d\u2019arquitectura templera de Catalunya. Al llarg del dia, els visitants podran participar en un ampli ventall d\u2019activitats culturals i l\u00fadiques: recreacions hist\u00f2riques templeres i de la Guerra Civil, tallers infantils, mercat de productes de proximitat, oficis artesanals, exposicions, cercavila, m\u00fasica en viu i molt m\u00e9s.<\/p>\n<p>El castell obrir\u00e0 les seves portes amb acc\u00e9s lliure per convidar tothom a descobrir espais com la torre-habitaci\u00f3, l\u2019Esgl\u00e9sia de Santa Maria i el pati d\u2019armes, a trav\u00e9s d\u2019un recorregut ple de sorpreses i ambientaci\u00f3 medieval. Les dues exposicions destacades \u2014una de pintura, fotografia i poesia i una altra de la hist\u00f2ria del Tur\u00f3 de Gardeny \u2014 oferiran una mirada art\u00edstica i documental sobre la mem\u00f2ria del tur\u00f3 i la pres\u00e8ncia templera a la ciutat.<\/p>\n<p>Amb aquesta quarta edici\u00f3, la diada consolida el seu car\u00e0cter com a punt de trobada entre el patrimoni, la cultura i la participaci\u00f3 ciutadana, i fa cr\u00e9ixer el vincle de Lleida amb un dels seus espais m\u00e9s emblem\u00e0tics.<\/p>\n<p>Us hi esperem!<\/p>\n\n\t\t<\/div>\n\t<\/div>\n\n\t<div  class=\"wpb_single_image wpb_content_element vc_align_center wpb_content_element wpb_animate_when_almost_visible wpb_fadeIn fadeIn vc_custom_1774610854159\">\n\t\t\n\t\t<figure class=\"wpb_wrapper vc_figure\">\n\t\t\t<a class=\"\" data-lightbox=\"lightbox[rel-2245-2551325519]\" href=\"https:\/\/castellgardenylleida.com\/wp-content\/uploads\/2026\/03\/Programa_IV_DiadaCastellGardeny_2026_WEB_logos-1.jpg\" target=\"_self\"><img decoding=\"async\" width=\"875\" height=\"888\" data-src=\"https:\/\/castellgardenylleida.com\/wp-content\/uploads\/2026\/03\/Programa_IV_DiadaCastellGardeny_2026_WEB_logos-1.jpg\" class=\"vc_single_image-img attachment-full lazyload\" alt=\"\" title=\"Programa_IV_DiadaCastellGardeny_2026_WEB_logos\" data-srcset=\"https:\/\/castellgardenylleida.com\/wp-content\/uploads\/2026\/03\/Programa_IV_DiadaCastellGardeny_2026_WEB_logos-1.jpg 875w, https:\/\/castellgardenylleida.com\/wp-content\/smush-webp\/2026\/03\/Programa_IV_DiadaCastellGardeny_2026_WEB_logos-1-296x300.jpg.webp 296w, https:\/\/castellgardenylleida.com\/wp-content\/smush-webp\/2026\/03\/Programa_IV_DiadaCastellGardeny_2026_WEB_logos-1-768x779.jpg.webp 768w, https:\/\/castellgardenylleida.com\/wp-content\/smush-webp\/2026\/03\/Programa_IV_DiadaCastellGardeny_2026_WEB_logos-1-12x12.jpg.webp 12w, https:\/\/castellgardenylleida.com\/wp-content\/smush-webp\/2026\/03\/Programa_IV_DiadaCastellGardeny_2026_WEB_logos-1-370x375.jpg.webp 370w, https:\/\/castellgardenylleida.com\/wp-content\/smush-webp\/2026\/03\/Programa_IV_DiadaCastellGardeny_2026_WEB_logos-1-90x90.jpg.webp 90w, https:\/\/castellgardenylleida.com\/wp-content\/uploads\/2026\/03\/Programa_IV_DiadaCastellGardeny_2026_WEB_logos-1-760x771.jpg 760w, https:\/\/castellgardenylleida.com\/wp-content\/uploads\/2026\/03\/Programa_IV_DiadaCastellGardeny_2026_WEB_logos-1-740x751.jpg 740w\" data-sizes=\"(max-width: 875px) 100vw, 875px\" src=\"data:image\/gif;base64,R0lGODlhAQABAAAAACH5BAEKAAEALAAAAAABAAEAAAICTAEAOw==\" style=\"--smush-placeholder-width: 875px; --smush-placeholder-aspect-ratio: 875\/888;\" data-smush-webp-fallback=\"{&quot;data-srcset&quot;:&quot;https:\\\/\\\/castellgardenylleida.com\\\/wp-content\\\/uploads\\\/2026\\\/03\\\/Programa_IV_DiadaCastellGardeny_2026_WEB_logos-1.jpg 875w, https:\\\/\\\/castellgardenylleida.com\\\/wp-content\\\/uploads\\\/2026\\\/03\\\/Programa_IV_DiadaCastellGardeny_2026_WEB_logos-1-296x300.jpg 296w, https:\\\/\\\/castellgardenylleida.com\\\/wp-content\\\/uploads\\\/2026\\\/03\\\/Programa_IV_DiadaCastellGardeny_2026_WEB_logos-1-768x779.jpg 768w, https:\\\/\\\/castellgardenylleida.com\\\/wp-content\\\/uploads\\\/2026\\\/03\\\/Programa_IV_DiadaCastellGardeny_2026_WEB_logos-1-12x12.jpg 12w, https:\\\/\\\/castellgardenylleida.com\\\/wp-content\\\/uploads\\\/2026\\\/03\\\/Programa_IV_DiadaCastellGardeny_2026_WEB_logos-1-370x375.jpg 370w, https:\\\/\\\/castellgardenylleida.com\\\/wp-content\\\/uploads\\\/2026\\\/03\\\/Programa_IV_DiadaCastellGardeny_2026_WEB_logos-1-90x90.jpg 90w, https:\\\/\\\/castellgardenylleida.com\\\/wp-content\\\/uploads\\\/2026\\\/03\\\/Programa_IV_DiadaCastellGardeny_2026_WEB_logos-1-760x771.jpg 760w, https:\\\/\\\/castellgardenylleida.com\\\/wp-content\\\/uploads\\\/2026\\\/03\\\/Programa_IV_DiadaCastellGardeny_2026_WEB_logos-1-740x751.jpg 740w&quot;}\" \/><\/a>\n\t\t<\/figure>\n\t<\/div>\n<\/div><\/div><\/div><\/div>\n<\/div>","protected":false},"excerpt":{"rendered":"IV Diada Tur\u00f3 de Gardeny 2026 a Lleida Una jornada per viure la hist\u00f2ria, la cultura i la festa al cor templer de Lleida El pr\u00f2xim 11 d\u2019abril de 2026, el Tur\u00f3 de Gardeny es&hellip;","protected":false},"author":2,"featured_media":0,"parent":0,"menu_order":0,"comment_status":"closed","ping_status":"closed","template":"","meta":{"footnotes":""},"class_list":["post-2245","page","type-page","status-publish","hentry"],"yoast_head":"<!-- This site is optimized with the Yoast SEO plugin v24.8.1 - https:\/\/yoast.com\/wordpress\/plugins\/seo\/ -->\n<title>IV Diada Tur\u00f3 de Gardeny 2026 a Lleida - Castell Gardeny Lleida<\/title>\n<meta name=\"robots\" content=\"index, follow, max-snippet:-1, max-image-preview:large, max-video-preview:-1\" \/>\n<link rel=\"canonical\" href=\"https:\/\/castellgardenylleida.com\/ca\/diada-turo-gardeny\/\" \/>\n<meta property=\"og:locale\" content=\"ca_ES\" \/>\n<meta property=\"og:type\" content=\"article\" \/>\n<meta property=\"og:title\" content=\"IV Diada Tur\u00f3 de Gardeny 2026 a Lleida - Castell Gardeny Lleida\" \/>\n<meta property=\"og:url\" content=\"https:\/\/castellgardenylleida.com\/ca\/diada-turo-gardeny\/\" \/>\n<meta property=\"og:site_name\" content=\"Castell Gardeny Lleida\" \/>\n<meta property=\"article:modified_time\" content=\"2026-04-02T08:36:28+00:00\" \/>\n<meta name=\"twitter:card\" content=\"summary_large_image\" \/>\n<meta name=\"twitter:label1\" content=\"Temps estimat de lectura\" \/>\n\t<meta name=\"twitter:data1\" content=\"2 minuts\" \/>\n<script type=\"application\/ld+json\" class=\"yoast-schema-graph\">{\"@context\":\"https:\/\/schema.org\",\"@graph\":[{\"@type\":\"WebPage\",\"@id\":\"https:\/\/castellgardenylleida.com\/ca\/diada-turo-gardeny\/\",\"url\":\"https:\/\/castellgardenylleida.com\/ca\/diada-turo-gardeny\/\",\"name\":\"IV Diada Tur\u00f3 de Gardeny 2026 a Lleida - Castell Gardeny Lleida\",\"isPartOf\":{\"@id\":\"https:\/\/castellgardenylleida.com\/ca\/#website\"},\"datePublished\":\"2025-04-10T15:22:45+00:00\",\"dateModified\":\"2026-04-02T08:36:28+00:00\",\"breadcrumb\":{\"@id\":\"https:\/\/castellgardenylleida.com\/ca\/diada-turo-gardeny\/#breadcrumb\"},\"inLanguage\":\"ca\",\"potentialAction\":[{\"@type\":\"ReadAction\",\"target\":[\"https:\/\/castellgardenylleida.com\/ca\/diada-turo-gardeny\/\"]}]},{\"@type\":\"BreadcrumbList\",\"@id\":\"https:\/\/castellgardenylleida.com\/ca\/diada-turo-gardeny\/#breadcrumb\",\"itemListElement\":[{\"@type\":\"ListItem\",\"position\":1,\"name\":\"Portada\",\"item\":\"https:\/\/castellgardenylleida.com\/\"},{\"@type\":\"ListItem\",\"position\":2,\"name\":\"Diada Tur\u00f3 Gardeny\"}]},{\"@type\":\"WebSite\",\"@id\":\"https:\/\/castellgardenylleida.com\/ca\/#website\",\"url\":\"https:\/\/castellgardenylleida.com\/ca\/\",\"name\":\"Castell Gardeny Lleida\",\"description\":\"turo de gardeny\",\"publisher\":{\"@id\":\"https:\/\/castellgardenylleida.com\/ca\/#organization\"},\"potentialAction\":[{\"@type\":\"SearchAction\",\"target\":{\"@type\":\"EntryPoint\",\"urlTemplate\":\"https:\/\/castellgardenylleida.com\/ca\/?s={search_term_string}\"},\"query-input\":{\"@type\":\"PropertyValueSpecification\",\"valueRequired\":true,\"valueName\":\"search_term_string\"}}],\"inLanguage\":\"ca\"},{\"@type\":\"Organization\",\"@id\":\"https:\/\/castellgardenylleida.com\/ca\/#organization\",\"name\":\"Castell Gardeny Lleida\",\"url\":\"https:\/\/castellgardenylleida.com\/ca\/\",\"logo\":{\"@type\":\"ImageObject\",\"inLanguage\":\"ca\",\"@id\":\"https:\/\/castellgardenylleida.com\/ca\/#\/schema\/logo\/image\/\",\"url\":\"https:\/\/castellgardenylleida.com\/wp-content\/uploads\/2019\/09\/cropped-LOGOTIP_ACCG_blanc.png\",\"contentUrl\":\"https:\/\/castellgardenylleida.com\/wp-content\/uploads\/2019\/09\/cropped-LOGOTIP_ACCG_blanc.png\",\"width\":500,\"height\":199,\"caption\":\"Castell Gardeny Lleida\"},\"image\":{\"@id\":\"https:\/\/castellgardenylleida.com\/ca\/#\/schema\/logo\/image\/\"}}]}<\/script>\n<!-- \/ Yoast SEO plugin. -->","yoast_head_json":{"title":"IV Diada Tur\u00f3 de Gardeny 2026 a Lleida - Castell Gardeny Lleida","robots":{"index":"index","follow":"follow","max-snippet":"max-snippet:-1","max-image-preview":"max-image-preview:large","max-video-preview":"max-video-preview:-1"},"canonical":"https:\/\/castellgardenylleida.com\/ca\/diada-turo-gardeny\/","og_locale":"ca_ES","og_type":"article","og_title":"IV Diada Tur\u00f3 de Gardeny 2026 a Lleida - Castell Gardeny Lleida","og_url":"https:\/\/castellgardenylleida.com\/ca\/diada-turo-gardeny\/","og_site_name":"Castell Gardeny Lleida","article_modified_time":"2026-04-02T08:36:28+00:00","twitter_card":"summary_large_image","twitter_misc":{"Temps estimat de lectura":"2 minuts"},"schema":{"@context":"https:\/\/schema.org","@graph":[{"@type":"WebPage","@id":"https:\/\/castellgardenylleida.com\/ca\/diada-turo-gardeny\/","url":"https:\/\/castellgardenylleida.com\/ca\/diada-turo-gardeny\/","name":"IV Diada Tur\u00f3 de Gardeny 2026 a Lleida - Castell Gardeny Lleida","isPartOf":{"@id":"https:\/\/castellgardenylleida.com\/ca\/#website"},"datePublished":"2025-04-10T15:22:45+00:00","dateModified":"2026-04-02T08:36:28+00:00","breadcrumb":{"@id":"https:\/\/castellgardenylleida.com\/ca\/diada-turo-gardeny\/#breadcrumb"},"inLanguage":"ca","potentialAction":[{"@type":"ReadAction","target":["https:\/\/castellgardenylleida.com\/ca\/diada-turo-gardeny\/"]}]},{"@type":"BreadcrumbList","@id":"https:\/\/castellgardenylleida.com\/ca\/diada-turo-gardeny\/#breadcrumb","itemListElement":[{"@type":"ListItem","position":1,"name":"Portada","item":"https:\/\/castellgardenylleida.com\/"},{"@type":"ListItem","position":2,"name":"Diada Tur\u00f3 Gardeny"}]},{"@type":"WebSite","@id":"https:\/\/castellgardenylleida.com\/ca\/#website","url":"https:\/\/castellgardenylleida.com\/ca\/","name":"Castell Gardeny Lleida","description":"turo de gardeny","publisher":{"@id":"https:\/\/castellgardenylleida.com\/ca\/#organization"},"potentialAction":[{"@type":"SearchAction","target":{"@type":"EntryPoint","urlTemplate":"https:\/\/castellgardenylleida.com\/ca\/?s={search_term_string}"},"query-input":{"@type":"PropertyValueSpecification","valueRequired":true,"valueName":"search_term_string"}}],"inLanguage":"ca"},{"@type":"Organization","@id":"https:\/\/castellgardenylleida.com\/ca\/#organization","name":"Castell Gardeny Lleida","url":"https:\/\/castellgardenylleida.com\/ca\/","logo":{"@type":"ImageObject","inLanguage":"ca","@id":"https:\/\/castellgardenylleida.com\/ca\/#\/schema\/logo\/image\/","url":"https:\/\/castellgardenylleida.com\/wp-content\/uploads\/2019\/09\/cropped-LOGOTIP_ACCG_blanc.png","contentUrl":"https:\/\/castellgardenylleida.com\/wp-content\/uploads\/2019\/09\/cropped-LOGOTIP_ACCG_blanc.png","width":500,"height":199,"caption":"Castell Gardeny Lleida"},"image":{"@id":"https:\/\/castellgardenylleida.com\/ca\/#\/schema\/logo\/image\/"}}]}},"_links":{"self":[{"href":"https:\/\/castellgardenylleida.com\/ca\/wp-json\/wp\/v2\/pages\/2245","targetHints":{"allow":["GET"]}}],"collection":[{"href":"https:\/\/castellgardenylleida.com\/ca\/wp-json\/wp\/v2\/pages"}],"about":[{"href":"https:\/\/castellgardenylleida.com\/ca\/wp-json\/wp\/v2\/types\/page"}],"author":[{"embeddable":true,"href":"https:\/\/castellgardenylleida.com\/ca\/wp-json\/wp\/v2\/users\/2"}],"replies":[{"embeddable":true,"href":"https:\/\/castellgardenylleida.com\/ca\/wp-json\/wp\/v2\/comments?post=2245"}],"version-history":[{"count":13,"href":"https:\/\/castellgardenylleida.com\/ca\/wp-json\/wp\/v2\/pages\/2245\/revisions"}],"predecessor-version":[{"id":2596,"href":"https:\/\/castellgardenylleida.com\/ca\/wp-json\/wp\/v2\/pages\/2245\/revisions\/2596"}],"wp:attachment":[{"href":"https:\/\/castellgardenylleida.com\/ca\/wp-json\/wp\/v2\/media?parent=2245"}],"curies":[{"name":"wp","href":"https:\/\/api.w.org\/{rel}","templated":true}]}}