{"id":1867,"date":"2020-04-07T20:58:27","date_gmt":"2020-04-07T20:58:27","guid":{"rendered":"https:\/\/castellgardenylleida.com\/?page_id=1867"},"modified":"2020-05-22T19:00:42","modified_gmt":"2020-05-22T19:00:42","slug":"turo-gardeny","status":"publish","type":"page","link":"https:\/\/castellgardenylleida.com\/ca\/turo-gardeny\/","title":{"rendered":"Tur\u00f3 Gardeny"},"content":{"rendered":"<div class=\"wpb-content-wrapper\"><div class=\"vc_row wpb_row vc_row-fluid shape_divider_top-none shape_divider_bottom-none\"><div class=\"wpb_column vc_column_container vc_col-sm-12 sc_layouts_column_icons_position_left\"><div class=\"vc_column-inner\"><div class=\"wpb_wrapper\">\n\t<div class=\"wpb_text_column wpb_content_element vc_custom_1590174038713\" >\n\t\t<div class=\"wpb_wrapper\">\n\t\t\t<div id=\"I\" class=\"anchor\">\n<h4><strong>SEGLE I ANE<\/strong><\/h4>\n<\/div>\n<p><strong>78 fins al 73 ANE:<\/strong> <strong>Guerra civil de Roma entre Optimates i Populares.\u00a0 <\/strong><br \/>\nA Ilerda es dona la <strong>Batalla de Gardeny<\/strong>, entre el sertori\u00e0 Hirtuleius i els optimates Domici i Manli, que perden. Primera font escrita que parla d&#8217;Ilerda per l&#8217;historiador Sal\u00b7lusti (78 aC).<\/p>\n<p><strong>49 ANE:<\/strong> <strong>Batalla i vict\u00f2ria d&#8217;Ilerda de Juli C\u00e8sar, l\u00edder dels Populares, sobre els Pompeians.<\/strong><br \/>\nEl 30 de Juliol de l\u2019any 49 ANE, \u00a0en el contexte de la\u00a0<strong>Segona Guerra Civil romana<\/strong>\u00a0(49 aC \u2013 45 aC), les legions de Juli C\u00e8sar, es van enfrontar a les legions de de Pompeu, dirigides els generals Afrani i Pompeu, amb vict\u00f2ria de Juli C\u00e8sar.<\/p>\n<p>Aquel conflicte enfrentaba el partit Partit del Poble (liderat per Julio C\u00e8sar i format per les fam\u00edlies patr\u00edcies d\u2019escasa fortuna) amb el Partit dels Optimates (liderat pel general\u00a0 Cneo Pompeyo i format per les oligarquies terratenents). Aquest conflicte tenia un origen pol\u00edtic en el Senat i, posteriorment, es reprodueix en els llocs de batalla situats a les \u00abprov\u00edncies\u00bb occidentals romanes.<\/p>\n<p><strong>La batalla d&#8217;Ilerda<\/strong> va ser una de les m\u00e9s importants i decisives d&#8217;aquell conflicte. Juliol C\u00e9sar, amb una campanya militar d&#8217;una brutalitat extrema, havia aconseguit incorporar als dominis de Roma la pr\u00e0ctica totalitat de la G\u00e0l\u00b7lia, i s&#8217;havia convertit en un dels personatges m\u00e9s prestigiosos de la Rep\u00fablica romana. Els seus rivals pol\u00edtics, temorosos que utilitz\u00e9s el seu prestigi i la seva for\u00e7a militar per desbancar de el poder a el partit dels optimates, el van declarar enemic de la Rep\u00fablica romana i ho van intentar aturar abans del seu retorn a la capital.<\/p>\n<p>El seu principal rival va concentrar tots els efectius possibles a la pen\u00ednsula Ib\u00e8rica, que seria l&#8217;escenari de les principals batalles d&#8217;aquell conflicte.<\/p>\n<p style=\"text-align: center;\"><strong><img decoding=\"async\" class=\"alignnone size-medium wp-image-1870 lazyload\" data-src=\"https:\/\/castellgardenylleida.com\/wp-content\/uploads\/2020\/04\/cartotecacat-297x300.png\" alt=\"\" width=\"297\" height=\"300\" data-srcset=\"https:\/\/castellgardenylleida.com\/wp-content\/uploads\/2020\/04\/cartotecacat-297x300.png 297w, https:\/\/castellgardenylleida.com\/wp-content\/uploads\/2020\/04\/cartotecacat-90x90.png 90w, https:\/\/castellgardenylleida.com\/wp-content\/uploads\/2020\/04\/cartotecacat.png 332w\" data-sizes=\"(max-width: 297px) 100vw, 297px\" src=\"data:image\/gif;base64,R0lGODlhAQABAAAAACH5BAEKAAEALAAAAAABAAEAAAICTAEAOw==\" style=\"--smush-placeholder-width: 297px; --smush-placeholder-aspect-ratio: 297\/300;\" \/><\/strong><\/p>\n<p style=\"text-align: center;\"><strong>\u00abArxiu \u2013 Cartoteca de Catalunya\u00bb<\/strong><\/p>\n<p>&nbsp;<\/p>\n<p>L&#8217;any 49 aC, \u00a0l&#8217;antiga Iltirta de la naci\u00f3 norib\u00e9rica dels ilergetes, ja havia estat conquerida, devastada i edificada de nou, amb el nom llat\u00ed d&#8217;Ilerda. En aquell moment era un estrat\u00e8gic assentament rom\u00e0 que controlava el pas de l&#8217;litoral mediterrani cap a l&#8217;interior peninsular.<\/p>\n<p>Per aquest motiu els dos ex\u00e8rcits es van empla\u00e7ar a les planes situades a les afores de la ciutat per lliurar aquella batalla. Les legions de C\u00e8sar creuaren el Segre entre Alcoletge i Corbins, i instal\u00b7laren campaments als peus del <strong>tur\u00f3 de Gardeny<\/strong> i l&#8217;esplanada de cappont davant del pont vell.<\/p>\n<p style=\"text-align: center;\"><strong><img decoding=\"async\" class=\"alignnone size-medium wp-image-1871 lazyload\" data-src=\"https:\/\/castellgardenylleida.com\/wp-content\/uploads\/2020\/04\/image2-300x199.png\" alt=\"\" width=\"300\" height=\"199\" data-srcset=\"https:\/\/castellgardenylleida.com\/wp-content\/uploads\/2020\/04\/image2-300x199.png 300w, https:\/\/castellgardenylleida.com\/wp-content\/uploads\/2020\/04\/image2.png 360w\" data-sizes=\"(max-width: 300px) 100vw, 300px\" src=\"data:image\/gif;base64,R0lGODlhAQABAAAAACH5BAEKAAEALAAAAAABAAEAAAICTAEAOw==\" style=\"--smush-placeholder-width: 300px; --smush-placeholder-aspect-ratio: 300\/199;\" \/><\/strong><\/p>\n<p style=\"text-align: center;\"><strong>\u00abDisposici\u00f3 de les legions de C\u00e8sar i Pompeu a l&#8217;any 50 aC\u00bb<\/strong><\/p>\n<p>Segons les fonts documentals romanes, les oligarquies iber-romanes d&#8217;Ilerda estaven compromeses amb el partit de Pompeu.<\/p>\n<p>No obstant aix\u00f2, Julio C\u00e9sar aconseguiria derrotar Pompeu el 2 d\u2019agost, i d&#8217;aquesta manera aplanaria notablement el cam\u00ed que, tan sols dos mesos m\u00e9s tard, el convertiria en el primer dictador de la Rep\u00fablica romana.<\/p>\n<p>Descrit pel mateix C\u00e8sar en el De bello civile.<\/p>\n<p><strong><img decoding=\"async\" class=\"size-medium wp-image-1872 aligncenter lazyload\" data-src=\"https:\/\/castellgardenylleida.com\/wp-content\/uploads\/2020\/04\/imagen3-300x221.png\" alt=\"\" width=\"300\" height=\"221\" data-srcset=\"https:\/\/castellgardenylleida.com\/wp-content\/uploads\/2020\/04\/imagen3-300x221.png 300w, https:\/\/castellgardenylleida.com\/wp-content\/uploads\/2020\/04\/imagen3.png 323w\" data-sizes=\"(max-width: 300px) 100vw, 300px\" src=\"data:image\/gif;base64,R0lGODlhAQABAAAAACH5BAEKAAEALAAAAAABAAEAAAICTAEAOw==\" style=\"--smush-placeholder-width: 300px; --smush-placeholder-aspect-ratio: 300\/221;\" \/><\/strong><\/p>\n<p style=\"text-align: center;\"><strong>\u00abILERDA Segle I, en l\u2019\u00e8poca romana\u00bb<\/strong><\/p>\n<p><strong>\u00a0<\/strong><\/p>\n<div id=\"XII\" class=\"anchor\">\n<h4><strong>S. XII \u2013 XIV<\/strong><strong> L&#8217;ORDE DEL TEMPLE<\/strong><\/h4>\n<\/div>\n<p><strong>1120 NE: <\/strong><strong>L\u2019 Orde dels Pobres Caballers de Crist i del Temple de Salom\u00f3n<\/strong>, (tamb\u00e9 anomenada <strong>l\u2019Orde del Temple<\/strong>), \u00e9s fundada per nou cavallers francesos els quals vivien a Jerusalem, despr\u00e9s de la primera creuada, liderats per Hug de Payens. La presentaci\u00f3 en societat d\u2019aquest grup d\u2019homes es va fer al concili de Nabl\u00fas(Cisjord\u00e0nia) el gener de 1120.<\/p>\n<p><strong><img decoding=\"async\" class=\"size-medium wp-image-1873 aligncenter lazyload\" data-src=\"https:\/\/castellgardenylleida.com\/wp-content\/uploads\/2020\/04\/imagen4-300x231.png\" alt=\"\" width=\"300\" height=\"231\" data-srcset=\"https:\/\/castellgardenylleida.com\/wp-content\/uploads\/2020\/04\/imagen4-300x231.png 300w, https:\/\/castellgardenylleida.com\/wp-content\/uploads\/2020\/04\/imagen4.png 326w\" data-sizes=\"(max-width: 300px) 100vw, 300px\" src=\"data:image\/gif;base64,R0lGODlhAQABAAAAACH5BAEKAAEALAAAAAABAAEAAAICTAEAOw==\" style=\"--smush-placeholder-width: 300px; --smush-placeholder-aspect-ratio: 300\/231;\" \/>\u00ab<a href=\"https:\/\/es.wikipedia.org\/wiki\/Balduino_II_de_Jerusal%C3%A9n\">Baldu\u00ed II de Jerusal\u00e9n<\/a> cedeix el Temple de Salom\u00f3n a Hug de Payens y <\/strong><a href=\"https:\/\/es.wikipedia.org\/wiki\/Godofredo_de_Saint-Omer\"><strong>Godofred de Saint-Omer<\/strong><\/a><strong>\u00bb<\/strong><\/p>\n<p style=\"text-align: left;\"><strong>1129 NE:<\/strong> <strong>L\u2019Orde del Temple<\/strong>, es aprobada oficialment per l\u2019esgl\u00e8sia cat\u00f2lica el\u00a0 1129, durant el Concili de Troyes, (celebrat en la catedral de la mateixa ciutat).<\/p>\n<p style=\"text-align: center;\"><img decoding=\"async\" class=\"alignnone size-medium wp-image-1874 lazyload\" data-src=\"https:\/\/castellgardenylleida.com\/wp-content\/uploads\/2020\/04\/imagen5-300x207.png\" alt=\"\" width=\"300\" height=\"207\" data-srcset=\"https:\/\/castellgardenylleida.com\/wp-content\/uploads\/2020\/04\/imagen5-300x207.png 300w, https:\/\/castellgardenylleida.com\/wp-content\/uploads\/2020\/04\/imagen5.png 334w\" data-sizes=\"(max-width: 300px) 100vw, 300px\" src=\"data:image\/gif;base64,R0lGODlhAQABAAAAACH5BAEKAAEALAAAAAABAAEAAAICTAEAOw==\" style=\"--smush-placeholder-width: 300px; --smush-placeholder-aspect-ratio: 300\/207;\" \/><\/p>\n<p style=\"text-align: center;\"><strong>\u00abSigillum Templi Xpisti &#8211; Segell de l\u2019Orde del Temple\u00bb<\/strong><\/p>\n<p>&nbsp;<\/p>\n<p><strong>1131 NE: <\/strong>Amb l\u2019aprovaci\u00f3 de l\u2019orde l\u2019any 1129, tocava el moment d\u2019expandir-lo per tot el continent europeu. Per aquesta tasca Hug de Payens va enviar diversos templers per explicar la missi\u00f3 de l\u2019orde, adem\u00e9s de recollir almoines i reclutar nous frares.<\/p>\n<p>A la pen\u00ednsula va enviar al frare Hug Rigaud, entrant en terres catalanes pel contat de Rossell\u00f3, on va reclutar m\u00e9s templers catalans, per despr\u00e9s anar cap a Barcelona, on es va entrevistar amb el\u00a0 comte <strong>Ramon Berenguer III,<\/strong> comte independent,\u00a0 de Barcelona i el primer que figura documentat com <strong>comites catalanensis<\/strong> (comte catal\u00e0); va introduir als templers durant el trienni 1123-1126 per defensar de les r\u00e0tzies isl\u00e0miques les terres de la plana d&#8217;Urgell i de Camp de Tarragona recentment incorporades. D&#8217;aquella primera etapa daten els primers establiments templers, denominats comandes, que s&#8217;organitzaven pol\u00edticament i jur\u00eddicament com a estats feudals, gaireb\u00e9 independents de l&#8217;autoritat comtal.<\/p>\n<p>El primer \u00e8xit dels templers a Catalunya va arribar quan el comte<strong> Ram\u00f3n Berenguer III<\/strong> es va fer frare al seu llit de mort i els va atorgar el castell de Granyena, aix\u00ed com el seu cavall de nom Danc, i arnesos personals.<br \/>\nA partir d\u2019aquell moment les donacions es van multiplicar a Catalunya, de manera que aviat es van fundar les primeres comandes.<\/p>\n<p>Per expressa voluntat seva, va rebre sepultura, amb l&#8217;h\u00e0bit blanc dels Templers, al monestir de Santa Maria de Ripoll, on encara avui reposa.<\/p>\n<p style=\"text-align: center;\"><strong><img decoding=\"async\" class=\"alignnone size-full wp-image-1875 lazyload\" data-src=\"https:\/\/castellgardenylleida.com\/wp-content\/uploads\/2020\/04\/imagen6.png\" alt=\"\" width=\"279\" height=\"290\" src=\"data:image\/gif;base64,R0lGODlhAQABAAAAACH5BAEKAAEALAAAAAABAAEAAAICTAEAOw==\" style=\"--smush-placeholder-width: 279px; --smush-placeholder-aspect-ratio: 279\/290;\" \/><\/strong><\/p>\n<p style=\"text-align: center;\"><strong>\u00abRam\u00f3n Berenguer III\u00bb<\/strong><\/p>\n<p>&nbsp;<\/p>\n<p><strong>1134 NE:<\/strong> <strong>07\/09\/1134. <\/strong>\u00a0El rei d\u2019Arag\u00f3 i Navarra, <strong>Alfons I el Bataller<\/strong>, va morir a Fraga, sense descend\u00e8ncia directa, deixant un testament for\u00e7a pol\u00e8mic. Aix\u00ed, el difunt rei deixava el seu regne a les ordes militars del Temple, de l\u2019Hospital i del Sant Sepulcre per tal d\u2019obtenir de D\u00e9u la salvaci\u00f3 dels seus antecessors i de la seva \u00e0nima.<\/p>\n<p>Aquesta decisi\u00f3 va tenir diferents efectes negatius pel regne d\u2019Arag\u00f3. D\u2019una banda, Navarra, tot aprofitant el buit de poder creat, va independitzar-se d\u2019Arag\u00f3. D\u2019altra banda, Alfons VII de Castella va envair Saragossa i la part aragonesa de la Vall de l\u2019Ebre com a mesura de pressi\u00f3 per tal d\u2019ampliar els seus dominis.<\/p>\n<p>Davant la gravetat dels fets, la noblesa aragonesa, disconforme amb el testament d\u2019Alfons el Bataller, va elegir com a nou rei un germ\u00e0 del finat monarca: Ramir el Monjo, bisbe de Roda-Barbastre.<\/p>\n<p>Ramir el Monjo, gens interessat en la vida pol\u00edtica, va mirar de negociar amb Castella i Navarra, mentre el seu matrimoni amb Agn\u00e8s d\u2019Aquit\u00e0nia tenia com a resultat el naixement d\u2019una nena, Peronella, que esdevenia l\u2019hereva del regne, tornant poc despr\u00e9s a la vida clerical.<\/p>\n<p>Finalment, i despr\u00e9s de llargues negociacions, ja que els principals reis peninsulars pretenien el matrimoni amb Peronella, Ramir va decidir-se a lliurar-la a <strong>Ram\u00f3n Berenguer IV<\/strong> (1137), tot i que el matrimoni no va realitzar-se fins a l\u2019any 1150, ja que en el moment del pacte Peronella era una nena que nom\u00e9s tenia un any.<\/p>\n<p style=\"text-align: center;\"><img decoding=\"async\" class=\"alignnone size-medium wp-image-1876 lazyload\" data-src=\"https:\/\/castellgardenylleida.com\/wp-content\/uploads\/2020\/04\/imagen7-269x300.png\" alt=\"\" width=\"269\" height=\"300\" data-srcset=\"https:\/\/castellgardenylleida.com\/wp-content\/uploads\/2020\/04\/imagen7-269x300.png 269w, https:\/\/castellgardenylleida.com\/wp-content\/uploads\/2020\/04\/imagen7.png 326w\" data-sizes=\"(max-width: 269px) 100vw, 269px\" src=\"data:image\/gif;base64,R0lGODlhAQABAAAAACH5BAEKAAEALAAAAAABAAEAAAICTAEAOw==\" style=\"--smush-placeholder-width: 269px; --smush-placeholder-aspect-ratio: 269\/300;\" \/><\/p>\n<p>Ser\u00e0<strong> Ramon Berenguer IV,<\/strong> el que va pendre la iniciativa diplom\u00e0tica\u00a0 per aconseguir conven\u00e7\u00a0 les\u00a0 diferents\u00a0 ordes\u00a0 militars que\u00a0 renunciesin al\u00a0 testament <strong>d&#8217;Alfons I,<\/strong> i ja\u00a0 a l&#8217;1140 aconsegueixi conv\u00e8ncer l&#8217;orde de l&#8217;Hospital que renunci\u00efn als seus respectius ter\u00e7os el regne de Arag\u00f3, i un any m\u00e9s tard a la de el Sant Sepulcre. En aquest cas les dues ordes renuncien sense cap tipus de condicions.<\/p>\n<p>En canvi, l\u2019Orde del Temple que en aquells moments es trobava sota les ordres de Robert de Craon, \u00a0es va mantenir inflexible i no va cedir davant les peticions de Ramon Berenguer IV. Aquest va elaborar una s\u00e8rie d&#8217;estrat\u00e8gies diplom\u00e0tiques, i no ser\u00e0 fins el novembre del 1143, amb el pacte que es va fer a Girona, que l&#8217;Orde del Temple renunci\u00ef a la seva part. Ram\u00f3n Berenguer IV va otorgar al templers diversos castells, drets i rendes a Catalunya i Arag\u00f3, adem\u00e9s de la cinquena part de tot el que des de llavors es capturaria als musulmans. Realment gran part del poder que els templers van adquirir a Catalunya al llarg d&#8217;uns 150 anys va ser per la donaci\u00f3 que va fer Ramon Berenguer IV intentant compensar la ren\u00fancia que van fer.<\/p>\n<p>Un altre aspecte important d&#8217;aquest fet va ser que els templers van adoptar un canvi d&#8217;actitud, van acceptar des d&#8217;aquell moment que la pen\u00ednsula ib\u00e8rica tamb\u00e9 fos un escenari militar de les seves accions contra els infidels, estaven disposats a perseguir els mateixos objectius que a Terra Santa.<\/p>\n<p>El casament de Ramon Berenguer IV i Peronella Ramires se celebr\u00e0 a l&#8217;agost del 1150 a Lleida. La data del casament ha estat discutida entre els historiadors, per\u00f2 segons els registres notarials, la data m\u00e9s antiga en qu\u00e8 s&#8217;esmenta el fet correspon a un document d&#8217;intercanvi de b\u00e9ns, datat el setembre del 1150; partint que abans del setembre del 1150 no hi ha cap refer\u00e8ncia al casament, aquest s&#8217;hauria produ\u00eft l&#8217;agost del 1150, i fou recollida a posteriori pels seg\u00fcents registres notarials. A aquesta dada s&#8217;uneix el fet que Peronella va n\u00e9ixer el 29 de juny de 1136, i que els capitos matrimonials de Barbastre, se signaren l&#8217;11 d&#8217;agost del 1137. Tot plegat indica que l&#8217;agost del 1150 la reina Peronella havia complert ja els 14 anys d&#8217;edat, la majoria d&#8217;edat m\u00ednima establerta pel dret can\u00f2nic per poder contraure matrimoni.<\/p>\n<p><strong><img decoding=\"async\" class=\"size-medium wp-image-1877 aligncenter lazyload\" data-src=\"https:\/\/castellgardenylleida.com\/wp-content\/uploads\/2020\/04\/imagen8-300x188.png\" alt=\"\" width=\"300\" height=\"188\" data-srcset=\"https:\/\/castellgardenylleida.com\/wp-content\/uploads\/2020\/04\/imagen8-300x188.png 300w, https:\/\/castellgardenylleida.com\/wp-content\/uploads\/2020\/04\/imagen8-370x231.png 370w, https:\/\/castellgardenylleida.com\/wp-content\/uploads\/2020\/04\/imagen8.png 382w\" data-sizes=\"(max-width: 300px) 100vw, 300px\" src=\"data:image\/gif;base64,R0lGODlhAQABAAAAACH5BAEKAAEALAAAAAABAAEAAAICTAEAOw==\" style=\"--smush-placeholder-width: 300px; --smush-placeholder-aspect-ratio: 300\/188;\" \/><\/strong><\/p>\n<p><strong>\u00ab1150.<\/strong> <strong>Recreaci\u00f3 de le noces reials entre Ramon Berenguer IV, Comte de Barcelona, i Peronella d\u2019Arag\u00f3, filla del rei Ramir \u201cEl Monjo\u201d\u00bb<\/strong><\/p>\n<p><strong>\u00a0<\/strong><\/p>\n<p><strong>1149 NE:<\/strong> El comte de Barcelona, i \u201cpr\u00edncep d\u2019Arag\u00f3\u201d, <strong>Ramon Berenguer IV<\/strong>, juntament amb el comte d\u2019Urgell <strong>Ermengol VI<\/strong>, en la primavera de l&#8217;any 1149, iniciava el setge de la ciutat musulmana de Lleida, des del mateix <strong>tur\u00f3 de Gardeny<\/strong>, comptava amb la col.laboraci\u00f3 de la mil\u00edcia Templera, que hi contribu\u00ed amb l&#8217;enviament d&#8217;efectius militars. La ciutat va ser fortament combatuda i el setge es va intensificar a partir del mes de setembre. Lleida va ser assaltada i el qui va poder, es va refugiar a la Suda, que va capitular el 24 d\u2019octubre del 1149, al mateix temps que es rendia Fraga.<\/p>\n<p>Un cop conquerida la ciutat, i en agra\u00efment a la seva participaci\u00f3, el mateix comte lliurava a la mil\u00edcia diversos b\u00e9ns entre els quals s&#8217;inclouria el <strong>tur\u00f3 de Gardeny<\/strong>.<\/p>\n<p>La casa templera reb\u00e9 la cinquena part del territori conquerit, per\u00f2 va anar acumulant altres donacions dels comtes, com cases dins la ciutat.<\/p>\n<p><strong><img decoding=\"async\" class=\"size-medium wp-image-1883 aligncenter lazyload\" data-src=\"https:\/\/castellgardenylleida.com\/wp-content\/uploads\/2020\/04\/img0-300x202.png\" alt=\"\" width=\"300\" height=\"202\" data-srcset=\"https:\/\/castellgardenylleida.com\/wp-content\/uploads\/2020\/04\/img0-300x202.png 300w, https:\/\/castellgardenylleida.com\/wp-content\/uploads\/2020\/04\/img0.png 343w\" data-sizes=\"(max-width: 300px) 100vw, 300px\" src=\"data:image\/gif;base64,R0lGODlhAQABAAAAACH5BAEKAAEALAAAAAABAAEAAAICTAEAOw==\" style=\"--smush-placeholder-width: 300px; --smush-placeholder-aspect-ratio: 300\/202;\" \/><\/strong><\/p>\n<p>&nbsp;<\/p>\n<p><strong>1156 NE:<\/strong> <strong>Pere de Cartell\u00e0<\/strong><strong>,<\/strong> primer comanador de la <strong>comanda del Temple de Gardeny<\/strong>, que acabar\u00e0 sent una de les m\u00e9s importants de Catalunya i del Regne d\u2019Arag\u00f3.<\/p>\n<p style=\"text-align: center;\"><strong><img decoding=\"async\" class=\"alignnone size-medium wp-image-1878 lazyload\" data-src=\"https:\/\/castellgardenylleida.com\/wp-content\/uploads\/2020\/04\/imagen9-300x231.png\" alt=\"\" width=\"300\" height=\"231\" data-srcset=\"https:\/\/castellgardenylleida.com\/wp-content\/uploads\/2020\/04\/imagen9-300x231.png 300w, https:\/\/castellgardenylleida.com\/wp-content\/uploads\/2020\/04\/imagen9.png 343w\" data-sizes=\"(max-width: 300px) 100vw, 300px\" src=\"data:image\/gif;base64,R0lGODlhAQABAAAAACH5BAEKAAEALAAAAAABAAEAAAICTAEAOw==\" style=\"--smush-placeholder-width: 300px; --smush-placeholder-aspect-ratio: 300\/231;\" \/><\/strong><\/p>\n<p style=\"text-align: center;\"><strong>\u00abRepresentaci\u00f3 medieval de un comanador templari &#8211; Museu\u00a0d&#8217;Hist\u00f2ria de Catalunya\u00bb<\/strong><\/p>\n<p>&nbsp;<\/p>\n<p><strong>1181 NE:<\/strong> \u00a0<strong>Arnau de Torroja<\/strong> amb 58 anys, \u00e9s nombrat gran mestre de l&#8217;orde del Temple, on va ingressar el 1162, a la casa de<strong> Gardeny<\/strong>. Era la primera vegada, des que el 1119 s&#8217;havia creat l&#8217;orde, que un catal\u00e0 es convertia en la primera autoritat templera. No seria l&#8217;\u00fanic, per\u00f2 s\u00ed el primer de tres d&#8217;un total de vint-i-grans mestres que va tenir l&#8217;ordre fins que va ser liquidada definitivament (1314). El <strong>solson\u00ed Arnau de Torroja<\/strong> (1181-1184), el pallar\u00e8s Gilbert Erill (1193-1200) i el rossellon\u00e8s Pere de Montagut (1219-1232) van ser els tres catalans que van aconseguir la m\u00e0xima dignitat de l&#8217;orde; unes dades que revelen la for\u00e7a que va adquirir l&#8217;ordre templera a la Corona d&#8217;Arag\u00f3 i el protagonisme que van arribar als catalans al m\u00f3n templer.<\/p>\n<p style=\"text-align: center;\"><strong><img decoding=\"async\" class=\"alignnone size-medium wp-image-1879 lazyload\" data-src=\"https:\/\/castellgardenylleida.com\/wp-content\/uploads\/2020\/04\/imagen10-300x208.png\" alt=\"\" width=\"300\" height=\"208\" data-srcset=\"https:\/\/castellgardenylleida.com\/wp-content\/uploads\/2020\/04\/imagen10-300x208.png 300w, https:\/\/castellgardenylleida.com\/wp-content\/uploads\/2020\/04\/imagen10.png 345w\" data-sizes=\"(max-width: 300px) 100vw, 300px\" src=\"data:image\/gif;base64,R0lGODlhAQABAAAAACH5BAEKAAEALAAAAAABAAEAAAICTAEAOw==\" style=\"--smush-placeholder-width: 300px; --smush-placeholder-aspect-ratio: 300\/208;\" \/><\/strong><\/p>\n<p style=\"text-align: center;\"><strong>\u00abL\u2019esgl\u00e8sia de San Fermo, on est\u00e1 enterrat el que fou un dels grans mestres de la Orde del Temple (Arnau de Torroja), es trova situada en el centre hist\u00f2ric de Verona, en la Stradone de San Fermo \u00bb<\/strong><\/p>\n<p>&nbsp;<\/p>\n<p><strong>1294 NE:<\/strong> Jacques de Molay, \u00faltim mestre templer, participa en un cap\u00edtol provincial a la casa de <strong>Gardeny<\/strong>.<\/p>\n<p><strong>1307 NE:<\/strong> <strong>01\/12\/1307.<\/strong> El rei <strong>Jaume II<\/strong> signava el decret de dissoluci\u00f3\u00a0 de l&#8217;Ordre del Temple i la detenci\u00f3 dels templers en els dominis catalano-aragonesos.Els templers havien arribat a Catalunya -un segle i mig abans- de la m\u00e0 del comte <strong>Ramon Berenguer III.<\/strong><\/p>\n<p>A la Corona catalano-aragonesa &#8211; a difer\u00e8ncia del que va passar a Fran\u00e7a -, no van ser ni empresonats, ni torturats, ni condemnats. L&#8217;alian\u00e7a que havien teixit amb la burgesia mercantil barcelonina va ser decisiva per salvar-los la vida.<\/p>\n<p>El 1314, la <strong>comanda de Gardeny <\/strong>va ser transferida finalment, a <strong>l&#8217;Orde de l&#8217;Hospital de Sant Joan de Jerusalem.<\/strong><\/p>\n<p><img decoding=\"async\" class=\"size-medium wp-image-1880 aligncenter lazyload\" data-src=\"https:\/\/castellgardenylleida.com\/wp-content\/uploads\/2020\/04\/imagen11-227x300.png\" alt=\"\" width=\"227\" height=\"300\" data-srcset=\"https:\/\/castellgardenylleida.com\/wp-content\/uploads\/2020\/04\/imagen11-227x300.png 227w, https:\/\/castellgardenylleida.com\/wp-content\/uploads\/2020\/04\/imagen11.png 254w\" data-sizes=\"(max-width: 227px) 100vw, 227px\" src=\"data:image\/gif;base64,R0lGODlhAQABAAAAACH5BAEKAAEALAAAAAABAAEAAAICTAEAOw==\" style=\"--smush-placeholder-width: 227px; --smush-placeholder-aspect-ratio: 227\/300;\" \/><\/p>\n<div class=\"anchor\">\n<div id=\"XV\" class=\"anchor\">\n<h4><strong>SEGLE XV &#8211; XVI <\/strong><\/h4>\n<\/div>\n<p>En el segle XVI, el <strong>castell de Gardeny<\/strong> va canviar de funci\u00f3, es converteix en press\u00f3, on eren tancats els inculpats de delictes comuns i s&#8217;hi instru\u00efen processament judicials, fins i tot dels crims comesos en llocs apartats per\u00f2 de jurisdicci\u00f3 de l&#8217;<strong>Orde de l&#8217;Hospital de Sant Joan de Jerusalem<\/strong>. Per exemple, un proc\u00e9s contra una bruixa de Torrefarrera, instru\u00eft al 1550.<\/p>\n<p><strong><img decoding=\"async\" class=\"alignnone size-large wp-image-1881 aligncenter lazyload\" data-src=\"https:\/\/castellgardenylleida.com\/wp-content\/uploads\/2020\/04\/imagen12.png\" alt=\"\" width=\"100%\" height=\"auto\" data-srcset=\"https:\/\/castellgardenylleida.com\/wp-content\/uploads\/2020\/04\/imagen12.png 593w, https:\/\/castellgardenylleida.com\/wp-content\/uploads\/2020\/04\/imagen12-300x78.png 300w, https:\/\/castellgardenylleida.com\/wp-content\/uploads\/2020\/04\/imagen12-370x96.png 370w\" data-sizes=\"(max-width: 593px) 100vw, 593px\" src=\"data:image\/gif;base64,R0lGODlhAQABAAAAACH5BAEKAAEALAAAAAABAAEAAAICTAEAOw==\" style=\"--smush-placeholder-width: 593px; --smush-placeholder-aspect-ratio: 593\/154;\" \/><\/strong><\/p>\n<p><strong>\u00ab1563. Primera foto de Lleida\u00a0 &#8211; Anton Van Den Wygaerde\u00bb<\/strong><\/p>\n<p><img decoding=\"async\" class=\"size-medium wp-image-1882 aligncenter lazyload\" data-src=\"https:\/\/castellgardenylleida.com\/wp-content\/uploads\/2020\/04\/imagen13-300x203.png\" alt=\"\" width=\"300\" height=\"203\" data-srcset=\"https:\/\/castellgardenylleida.com\/wp-content\/uploads\/2020\/04\/imagen13-300x203.png 300w, https:\/\/castellgardenylleida.com\/wp-content\/uploads\/2020\/04\/imagen13-370x250.png 370w, https:\/\/castellgardenylleida.com\/wp-content\/uploads\/2020\/04\/imagen13.png 387w\" data-sizes=\"(max-width: 300px) 100vw, 300px\" src=\"data:image\/gif;base64,R0lGODlhAQABAAAAACH5BAEKAAEALAAAAAABAAEAAAICTAEAOw==\" style=\"--smush-placeholder-width: 300px; --smush-placeholder-aspect-ratio: 300\/203;\" \/><\/p>\n<p><strong>\u00ab1563. Tur\u00f3 de Gardeny\u00a0 &#8211; Anton Van Den Wygaerde\u00bb<\/strong><\/p>\n<\/div>\n\n\t\t<\/div>\n\t<\/div>\n<\/div><\/div><\/div><\/div>\n<\/div>","protected":false},"excerpt":{"rendered":"SEGLE I ANE 78 fins al 73 ANE: Guerra civil de Roma entre Optimates i Populares.\u00a0 A Ilerda es dona la Batalla de Gardeny, entre el sertori\u00e0 Hirtuleius i els optimates Domici i Manli, que&hellip;","protected":false},"author":1,"featured_media":0,"parent":0,"menu_order":0,"comment_status":"closed","ping_status":"closed","template":"","meta":{"footnotes":""},"class_list":["post-1867","page","type-page","status-publish","hentry"],"yoast_head":"<!-- This site is optimized with the Yoast SEO plugin v24.8.1 - https:\/\/yoast.com\/wordpress\/plugins\/seo\/ -->\n<title>Tur\u00f3 Gardeny - Castell Gardeny Lleida<\/title>\n<meta name=\"robots\" content=\"index, follow, max-snippet:-1, max-image-preview:large, max-video-preview:-1\" \/>\n<link rel=\"canonical\" href=\"https:\/\/castellgardenylleida.com\/ca\/turo-gardeny\/\" \/>\n<meta property=\"og:locale\" content=\"ca_ES\" \/>\n<meta property=\"og:type\" content=\"article\" \/>\n<meta property=\"og:title\" content=\"Tur\u00f3 Gardeny - Castell Gardeny Lleida\" \/>\n<meta property=\"og:url\" content=\"https:\/\/castellgardenylleida.com\/ca\/turo-gardeny\/\" \/>\n<meta property=\"og:site_name\" content=\"Castell Gardeny Lleida\" \/>\n<meta property=\"article:modified_time\" content=\"2020-05-22T19:00:42+00:00\" \/>\n<meta property=\"og:image\" content=\"https:\/\/castellgardenylleida.com\/wp-content\/uploads\/2020\/04\/cartotecacat-297x300.png\" \/>\n<meta name=\"twitter:card\" content=\"summary_large_image\" \/>\n<meta name=\"twitter:label1\" content=\"Temps estimat de lectura\" \/>\n\t<meta name=\"twitter:data1\" content=\"11 minuts\" \/>\n<script type=\"application\/ld+json\" class=\"yoast-schema-graph\">{\"@context\":\"https:\/\/schema.org\",\"@graph\":[{\"@type\":\"WebPage\",\"@id\":\"https:\/\/castellgardenylleida.com\/ca\/turo-gardeny\/\",\"url\":\"https:\/\/castellgardenylleida.com\/ca\/turo-gardeny\/\",\"name\":\"Tur\u00f3 Gardeny - Castell Gardeny Lleida\",\"isPartOf\":{\"@id\":\"https:\/\/castellgardenylleida.com\/ca\/#website\"},\"primaryImageOfPage\":{\"@id\":\"https:\/\/castellgardenylleida.com\/ca\/turo-gardeny\/#primaryimage\"},\"image\":{\"@id\":\"https:\/\/castellgardenylleida.com\/ca\/turo-gardeny\/#primaryimage\"},\"thumbnailUrl\":\"https:\/\/castellgardenylleida.com\/wp-content\/uploads\/2020\/04\/cartotecacat-297x300.png\",\"datePublished\":\"2020-04-07T20:58:27+00:00\",\"dateModified\":\"2020-05-22T19:00:42+00:00\",\"breadcrumb\":{\"@id\":\"https:\/\/castellgardenylleida.com\/ca\/turo-gardeny\/#breadcrumb\"},\"inLanguage\":\"ca\",\"potentialAction\":[{\"@type\":\"ReadAction\",\"target\":[\"https:\/\/castellgardenylleida.com\/ca\/turo-gardeny\/\"]}]},{\"@type\":\"ImageObject\",\"inLanguage\":\"ca\",\"@id\":\"https:\/\/castellgardenylleida.com\/ca\/turo-gardeny\/#primaryimage\",\"url\":\"https:\/\/castellgardenylleida.com\/wp-content\/uploads\/2020\/04\/cartotecacat-297x300.png\",\"contentUrl\":\"https:\/\/castellgardenylleida.com\/wp-content\/uploads\/2020\/04\/cartotecacat-297x300.png\"},{\"@type\":\"BreadcrumbList\",\"@id\":\"https:\/\/castellgardenylleida.com\/ca\/turo-gardeny\/#breadcrumb\",\"itemListElement\":[{\"@type\":\"ListItem\",\"position\":1,\"name\":\"Portada\",\"item\":\"https:\/\/castellgardenylleida.com\/\"},{\"@type\":\"ListItem\",\"position\":2,\"name\":\"Tur\u00f3 Gardeny\"}]},{\"@type\":\"WebSite\",\"@id\":\"https:\/\/castellgardenylleida.com\/ca\/#website\",\"url\":\"https:\/\/castellgardenylleida.com\/ca\/\",\"name\":\"Castell Gardeny Lleida\",\"description\":\"turo de gardeny\",\"publisher\":{\"@id\":\"https:\/\/castellgardenylleida.com\/ca\/#organization\"},\"potentialAction\":[{\"@type\":\"SearchAction\",\"target\":{\"@type\":\"EntryPoint\",\"urlTemplate\":\"https:\/\/castellgardenylleida.com\/ca\/?s={search_term_string}\"},\"query-input\":{\"@type\":\"PropertyValueSpecification\",\"valueRequired\":true,\"valueName\":\"search_term_string\"}}],\"inLanguage\":\"ca\"},{\"@type\":\"Organization\",\"@id\":\"https:\/\/castellgardenylleida.com\/ca\/#organization\",\"name\":\"Castell Gardeny Lleida\",\"url\":\"https:\/\/castellgardenylleida.com\/ca\/\",\"logo\":{\"@type\":\"ImageObject\",\"inLanguage\":\"ca\",\"@id\":\"https:\/\/castellgardenylleida.com\/ca\/#\/schema\/logo\/image\/\",\"url\":\"https:\/\/castellgardenylleida.com\/wp-content\/uploads\/2019\/09\/cropped-LOGOTIP_ACCG_blanc.png\",\"contentUrl\":\"https:\/\/castellgardenylleida.com\/wp-content\/uploads\/2019\/09\/cropped-LOGOTIP_ACCG_blanc.png\",\"width\":500,\"height\":199,\"caption\":\"Castell Gardeny Lleida\"},\"image\":{\"@id\":\"https:\/\/castellgardenylleida.com\/ca\/#\/schema\/logo\/image\/\"}}]}<\/script>\n<!-- \/ Yoast SEO plugin. -->","yoast_head_json":{"title":"Tur\u00f3 Gardeny - Castell Gardeny Lleida","robots":{"index":"index","follow":"follow","max-snippet":"max-snippet:-1","max-image-preview":"max-image-preview:large","max-video-preview":"max-video-preview:-1"},"canonical":"https:\/\/castellgardenylleida.com\/ca\/turo-gardeny\/","og_locale":"ca_ES","og_type":"article","og_title":"Tur\u00f3 Gardeny - Castell Gardeny Lleida","og_url":"https:\/\/castellgardenylleida.com\/ca\/turo-gardeny\/","og_site_name":"Castell Gardeny Lleida","article_modified_time":"2020-05-22T19:00:42+00:00","og_image":[{"url":"https:\/\/castellgardenylleida.com\/wp-content\/uploads\/2020\/04\/cartotecacat-297x300.png","type":"","width":"","height":""}],"twitter_card":"summary_large_image","twitter_misc":{"Temps estimat de lectura":"11 minuts"},"schema":{"@context":"https:\/\/schema.org","@graph":[{"@type":"WebPage","@id":"https:\/\/castellgardenylleida.com\/ca\/turo-gardeny\/","url":"https:\/\/castellgardenylleida.com\/ca\/turo-gardeny\/","name":"Tur\u00f3 Gardeny - Castell Gardeny Lleida","isPartOf":{"@id":"https:\/\/castellgardenylleida.com\/ca\/#website"},"primaryImageOfPage":{"@id":"https:\/\/castellgardenylleida.com\/ca\/turo-gardeny\/#primaryimage"},"image":{"@id":"https:\/\/castellgardenylleida.com\/ca\/turo-gardeny\/#primaryimage"},"thumbnailUrl":"https:\/\/castellgardenylleida.com\/wp-content\/uploads\/2020\/04\/cartotecacat-297x300.png","datePublished":"2020-04-07T20:58:27+00:00","dateModified":"2020-05-22T19:00:42+00:00","breadcrumb":{"@id":"https:\/\/castellgardenylleida.com\/ca\/turo-gardeny\/#breadcrumb"},"inLanguage":"ca","potentialAction":[{"@type":"ReadAction","target":["https:\/\/castellgardenylleida.com\/ca\/turo-gardeny\/"]}]},{"@type":"ImageObject","inLanguage":"ca","@id":"https:\/\/castellgardenylleida.com\/ca\/turo-gardeny\/#primaryimage","url":"https:\/\/castellgardenylleida.com\/wp-content\/uploads\/2020\/04\/cartotecacat-297x300.png","contentUrl":"https:\/\/castellgardenylleida.com\/wp-content\/uploads\/2020\/04\/cartotecacat-297x300.png"},{"@type":"BreadcrumbList","@id":"https:\/\/castellgardenylleida.com\/ca\/turo-gardeny\/#breadcrumb","itemListElement":[{"@type":"ListItem","position":1,"name":"Portada","item":"https:\/\/castellgardenylleida.com\/"},{"@type":"ListItem","position":2,"name":"Tur\u00f3 Gardeny"}]},{"@type":"WebSite","@id":"https:\/\/castellgardenylleida.com\/ca\/#website","url":"https:\/\/castellgardenylleida.com\/ca\/","name":"Castell Gardeny Lleida","description":"turo de gardeny","publisher":{"@id":"https:\/\/castellgardenylleida.com\/ca\/#organization"},"potentialAction":[{"@type":"SearchAction","target":{"@type":"EntryPoint","urlTemplate":"https:\/\/castellgardenylleida.com\/ca\/?s={search_term_string}"},"query-input":{"@type":"PropertyValueSpecification","valueRequired":true,"valueName":"search_term_string"}}],"inLanguage":"ca"},{"@type":"Organization","@id":"https:\/\/castellgardenylleida.com\/ca\/#organization","name":"Castell Gardeny Lleida","url":"https:\/\/castellgardenylleida.com\/ca\/","logo":{"@type":"ImageObject","inLanguage":"ca","@id":"https:\/\/castellgardenylleida.com\/ca\/#\/schema\/logo\/image\/","url":"https:\/\/castellgardenylleida.com\/wp-content\/uploads\/2019\/09\/cropped-LOGOTIP_ACCG_blanc.png","contentUrl":"https:\/\/castellgardenylleida.com\/wp-content\/uploads\/2019\/09\/cropped-LOGOTIP_ACCG_blanc.png","width":500,"height":199,"caption":"Castell Gardeny Lleida"},"image":{"@id":"https:\/\/castellgardenylleida.com\/ca\/#\/schema\/logo\/image\/"}}]}},"_links":{"self":[{"href":"https:\/\/castellgardenylleida.com\/ca\/wp-json\/wp\/v2\/pages\/1867","targetHints":{"allow":["GET"]}}],"collection":[{"href":"https:\/\/castellgardenylleida.com\/ca\/wp-json\/wp\/v2\/pages"}],"about":[{"href":"https:\/\/castellgardenylleida.com\/ca\/wp-json\/wp\/v2\/types\/page"}],"author":[{"embeddable":true,"href":"https:\/\/castellgardenylleida.com\/ca\/wp-json\/wp\/v2\/users\/1"}],"replies":[{"embeddable":true,"href":"https:\/\/castellgardenylleida.com\/ca\/wp-json\/wp\/v2\/comments?post=1867"}],"version-history":[{"count":34,"href":"https:\/\/castellgardenylleida.com\/ca\/wp-json\/wp\/v2\/pages\/1867\/revisions"}],"predecessor-version":[{"id":1920,"href":"https:\/\/castellgardenylleida.com\/ca\/wp-json\/wp\/v2\/pages\/1867\/revisions\/1920"}],"wp:attachment":[{"href":"https:\/\/castellgardenylleida.com\/ca\/wp-json\/wp\/v2\/media?parent=1867"}],"curies":[{"name":"wp","href":"https:\/\/api.w.org\/{rel}","templated":true}]}}