{"id":1644,"date":"2019-10-23T01:11:33","date_gmt":"2019-10-23T01:11:33","guid":{"rendered":"http:\/\/castellgardenylleida.com\/?page_id=1644"},"modified":"2019-10-23T09:47:09","modified_gmt":"2019-10-23T09:47:09","slug":"politica-de-privacidad","status":"publish","type":"page","link":"https:\/\/castellgardenylleida.com\/ca\/politica-de-privacidad\/","title":{"rendered":"Pol\u00edtica de privacidad"},"content":{"rendered":"<div class=\"wpb-content-wrapper\"><div class=\"vc_row wpb_row vc_row-fluid shape_divider_top-none shape_divider_bottom-none\"><div class=\"wpb_column vc_column_container vc_col-sm-12 sc_layouts_column_icons_position_left\"><div class=\"vc_column-inner\"><div class=\"wpb_wrapper\"><div class=\"vc_empty_space\"   style=\"height: 32px\"><span class=\"vc_empty_space_inner\"><\/span><\/div>\n\t<div class=\"wpb_text_column wpb_content_element\" >\n\t\t<div class=\"wpb_wrapper\">\n\t\t\t<h2 class=\"wp-block-heading\">POL\u00cdTICA DE PRIVACIDAD<\/h2>\n<p>1.\u00a0<strong>Uso y tratamiento de datos de car\u00e1cter personal<\/strong><\/p>\n<p>ASSOCIACI\u00d3 CULTURAL CASTELL DE GARDENY, le informa que los datos de car\u00e1cter personal que pudieran proporcionarse, a trav\u00e9s del website, as\u00ed como los que pudiera facilitar en el futuro en el marco de su relaci\u00f3n jur\u00eddica con esta entidad, ser\u00e1n incorporados en los ficheros titularidad de l&#8217;ASSOCIACI\u00d3 CULTURAL CASTELL DE GARDENY , cuyos datos constan en el encabezamiento.<\/p>\n<p>Estos ficheros tienen la finalidad de gestionar, administrar, prestarle los servicios o facilitarle los productos que solicite, y en su caso, para el cumplimiento y ejecuci\u00f3n de los contratos que pudiera celebrar, conocer mejor sus gustos, adecuar los servicios a sus preferencias, as\u00ed como poder ofrecerle nuevos servicios o productos y enviarle informaci\u00f3n relacionada con las actividades de l&#8217;ASSOCIACI\u00d3 CULTURAL CASTELL DE GARDENY, a trav\u00e9s de cualquier medio, incluso el electr\u00f3nico. Los destinatarios de la informaci\u00f3n recogida ser\u00e1n, principalmente, los socisos de junta de l&#8217;ASSOCIACI\u00d3 CULTURAL CASTELL DE GARDENY ..<\/p>\n<p>Salvo en los campos en que expresamente se determine lo contrario por medio de un asterisco (*), las respuestas a las preguntas sobre datos personales son voluntarias, sin que la falta de contestaci\u00f3n a dichas preguntas implique una merma en la calidad de los\u00a0 servicios que Usted solicita. La falta de cumplimentaci\u00f3n de los campos determinados como obligatorios o el suministro de datos incorrectos imposibilitar\u00e1 que l&#8217;ASSOCIACI\u00d3 CULTURAL CASTELL DE GARDENY, pueda prestarle los servicios o le facilite los productos que solicite.<\/p>\n<p>El consentimiento otorgado para el tratamiento de sus datos personales, puede ser revocado en cualquier momento, dirigi\u00e9ndose a la direcci\u00f3n de l&#8217;ASSOCIACI\u00d3 CULTURAL CASTELL DE GARDENY, con domicilio en Pla\u00e7a Sant Lloren\u00e7, n\u00ba1, con c\u00f3digo postal 25002 \u00a0(Lleida).<\/p>\n<p>Los usuarios garantizan y responden, en cualquier caso, de la exactitud, vigencia y autenticidad de los datos personales facilitados y se\u00a0 comprometen a mantenerlos debidamente actualizados.<\/p>\n<p>&nbsp;<\/p>\n<h3 class=\"wp-block-heading\">2.\u00a0<strong>Ejercicio de derechos: acceso, rectificaci\u00f3n, cancelaci\u00f3n y oposici\u00f3n<\/strong><\/h3>\n<p>Aquellas personas f\u00edsicas que hayan facilitado sus datos a l&#8217;ASSOCIACI\u00d3 CULTURAL CASTELL DE GARDENY . podr\u00e1n ejercitar\u00a0 gratuitamente los derechos de acceso, rectificaci\u00f3n, cancelaci\u00f3n y oposici\u00f3n respecto de los datos incorporados en los\u00a0 ficheros de l&#8217;ASSOCIACI\u00d3 CULTURAL CASTELL DE GARDENY.<\/p>\n<p>Dado el car\u00e1cter confidencial de la informaci\u00f3n, Vd. no podr\u00e1 ejercitar sus derechos telef\u00f3nicamente, lo debe\u00a0 solicitar por cualquier medio que deje constancia de su env\u00edo y de su recepci\u00f3n y remitir copia de su DNI o documento equivalente.<\/p>\n<p>El interesado podr\u00e1 ejercitar sus derechos mediante comunicaci\u00f3n por escrito dirigida a l&#8217;ASSOCIACI\u00d3 CULTURAL CASTELL DE GARDENY, en la direcci\u00f3n indicada al inicio, Pla\u00e7a Sant Lloren\u00e7, n\u00ba1, con c\u00f3digo postal 25002 \u00a0(Lleida).<\/p>\n<p>&nbsp;<\/p>\n<h3 class=\"wp-block-heading\">3.\u00a0<strong>Medidas de seguridad<\/strong><\/h3>\n<p>L&#8217;ASSOCIACI\u00d3 CULTURAL CASTELL DE GARDENY le informa que tiene implantadas las medidas de seguridad de \u00edndole t\u00e9cnica y organizativas necesarias para garantizar la seguridad de sus datos de car\u00e1cter personal y evitar su alteraci\u00f3n, p\u00e9rdida y tratamiento y\/o acceso no autorizado, habida cuenta del estado de la tecnolog\u00eda, la naturaleza de los datos almacenados y los riesgos\u00a0 a que est\u00e1n expuestos, ya provengan de la acci\u00f3n humana o del medio f\u00edsico o natural.<\/p>\n<p>El usuario debe ser consciente de que las medidas de seguridad en Internet no son inexpugnables y enteramente fiables y que l&#8217;ASSOCIACI\u00d3 CULTURAL CASTELL DE GARDENY no puede garantizar la inexistencia de virus u otros elementos que pudieran producir alteraciones en los sistemas inform\u00e1ticos (software y hardware) del usuario.<\/p>\n<p>&nbsp;<\/p>\n<h3 class=\"wp-block-heading\">4.\u00a0<strong>Menores de edad<\/strong><\/h3>\n<p>En el supuesto que alguno de los servicios y productos vayan dirigidos a menores de 14 a\u00f1os, l&#8217;ASSOCIACI\u00d3 CULTURAL CASTELL DE GARDENY solicitar\u00e1 el consentimiento de los padres o tutores para la recogida de los datos personales del menor.<\/p>\n<p>L&#8217;ASSOCIACI\u00d3 CULTURAL CASTELL DE GARDENY no responde de aquellos datos de menores que sin poder conocer\u00a0l&#8217;ASSOCIACI\u00d3 CULTURAL CASTELL DE GARDENY este hecho se haya facilitado sin el consentimiento de los padres o tutores.<\/p>\n<p>&nbsp;<\/p>\n<h3 class=\"wp-block-heading\">5.\u00a0<strong>Modificaci\u00f3n de la pol\u00edtica de privacidad<\/strong><\/h3>\n<p>L&#8217;ASSOCIACI\u00d3 CULTURAL CASTELL DE GARDENY se reserva el derecho a modificar su Pol\u00edtica de Privacidad, de acuerdo a su propio criterio, o motivado por un cambio doctrinal de la Autoridad competente en Protecci\u00f3n de Datos, legislativo o jurisprudencial. Cualquier modificaci\u00f3n de la Pol\u00edtica de Privacidad ser\u00e1 publicada, antes de su efectiva aplicaci\u00f3n. El uso de la Web despu\u00e9s de dichos cambios, implicar\u00e1 la aceptaci\u00f3n de estos.<\/p>\n<p>&nbsp;<\/p>\n<h3 class=\"wp-block-heading\">6.\u00a0<strong>Legislaci\u00f3n aplicable<\/strong><\/h3>\n<p>Cualquier controversia que se derive del uso de este site, ser\u00e1 regida, interpretada y sometida de acuerdo con las leyes de Espa\u00f1a.<\/p>\n\n\t\t<\/div>\n\t<\/div>\n<\/div><\/div><\/div><\/div><\/div>","protected":false},"excerpt":{"rendered":"POL\u00cdTICA DE PRIVACIDAD 1.\u00a0Uso y tratamiento de datos de car\u00e1cter personal ASSOCIACI\u00d3 CULTURAL CASTELL DE GARDENY, le informa que los datos de car\u00e1cter personal que pudieran proporcionarse, a trav\u00e9s del website, as\u00ed como los que&hellip;","protected":false},"author":1,"featured_media":0,"parent":0,"menu_order":0,"comment_status":"closed","ping_status":"closed","template":"","meta":{"footnotes":""},"class_list":["post-1644","page","type-page","status-publish","hentry"],"yoast_head":"<!-- This site is optimized with the Yoast SEO plugin v24.8.1 - https:\/\/yoast.com\/wordpress\/plugins\/seo\/ -->\n<title>Pol\u00edtica de privacidad - Castell Gardeny Lleida<\/title>\n<meta name=\"robots\" content=\"index, follow, max-snippet:-1, max-image-preview:large, max-video-preview:-1\" \/>\n<link rel=\"canonical\" href=\"https:\/\/castellgardenylleida.com\/ca\/politica-de-privacidad\/\" \/>\n<meta property=\"og:locale\" content=\"ca_ES\" \/>\n<meta property=\"og:type\" content=\"article\" \/>\n<meta property=\"og:title\" content=\"Pol\u00edtica de privacidad - Castell Gardeny Lleida\" \/>\n<meta property=\"og:url\" content=\"https:\/\/castellgardenylleida.com\/ca\/politica-de-privacidad\/\" \/>\n<meta property=\"og:site_name\" content=\"Castell Gardeny Lleida\" \/>\n<meta property=\"article:modified_time\" content=\"2019-10-23T09:47:09+00:00\" \/>\n<meta name=\"twitter:card\" content=\"summary_large_image\" \/>\n<meta name=\"twitter:label1\" content=\"Temps estimat de lectura\" \/>\n\t<meta name=\"twitter:data1\" content=\"4 minuts\" \/>\n<script type=\"application\/ld+json\" class=\"yoast-schema-graph\">{\"@context\":\"https:\/\/schema.org\",\"@graph\":[{\"@type\":\"WebPage\",\"@id\":\"https:\/\/castellgardenylleida.com\/ca\/politica-de-privacidad\/\",\"url\":\"https:\/\/castellgardenylleida.com\/ca\/politica-de-privacidad\/\",\"name\":\"Pol\u00edtica de privacidad - Castell Gardeny Lleida\",\"isPartOf\":{\"@id\":\"https:\/\/castellgardenylleida.com\/ca\/#website\"},\"datePublished\":\"2019-10-23T01:11:33+00:00\",\"dateModified\":\"2019-10-23T09:47:09+00:00\",\"breadcrumb\":{\"@id\":\"https:\/\/castellgardenylleida.com\/ca\/politica-de-privacidad\/#breadcrumb\"},\"inLanguage\":\"ca\",\"potentialAction\":[{\"@type\":\"ReadAction\",\"target\":[\"https:\/\/castellgardenylleida.com\/ca\/politica-de-privacidad\/\"]}]},{\"@type\":\"BreadcrumbList\",\"@id\":\"https:\/\/castellgardenylleida.com\/ca\/politica-de-privacidad\/#breadcrumb\",\"itemListElement\":[{\"@type\":\"ListItem\",\"position\":1,\"name\":\"Portada\",\"item\":\"https:\/\/castellgardenylleida.com\/\"},{\"@type\":\"ListItem\",\"position\":2,\"name\":\"Pol\u00edtica de privacidad\"}]},{\"@type\":\"WebSite\",\"@id\":\"https:\/\/castellgardenylleida.com\/ca\/#website\",\"url\":\"https:\/\/castellgardenylleida.com\/ca\/\",\"name\":\"Castell Gardeny Lleida\",\"description\":\"turo de gardeny\",\"publisher\":{\"@id\":\"https:\/\/castellgardenylleida.com\/ca\/#organization\"},\"potentialAction\":[{\"@type\":\"SearchAction\",\"target\":{\"@type\":\"EntryPoint\",\"urlTemplate\":\"https:\/\/castellgardenylleida.com\/ca\/?s={search_term_string}\"},\"query-input\":{\"@type\":\"PropertyValueSpecification\",\"valueRequired\":true,\"valueName\":\"search_term_string\"}}],\"inLanguage\":\"ca\"},{\"@type\":\"Organization\",\"@id\":\"https:\/\/castellgardenylleida.com\/ca\/#organization\",\"name\":\"Castell Gardeny Lleida\",\"url\":\"https:\/\/castellgardenylleida.com\/ca\/\",\"logo\":{\"@type\":\"ImageObject\",\"inLanguage\":\"ca\",\"@id\":\"https:\/\/castellgardenylleida.com\/ca\/#\/schema\/logo\/image\/\",\"url\":\"https:\/\/castellgardenylleida.com\/wp-content\/uploads\/2019\/09\/cropped-LOGOTIP_ACCG_blanc.png\",\"contentUrl\":\"https:\/\/castellgardenylleida.com\/wp-content\/uploads\/2019\/09\/cropped-LOGOTIP_ACCG_blanc.png\",\"width\":500,\"height\":199,\"caption\":\"Castell Gardeny Lleida\"},\"image\":{\"@id\":\"https:\/\/castellgardenylleida.com\/ca\/#\/schema\/logo\/image\/\"}}]}<\/script>\n<!-- \/ Yoast SEO plugin. -->","yoast_head_json":{"title":"Pol\u00edtica de privacidad - Castell Gardeny Lleida","robots":{"index":"index","follow":"follow","max-snippet":"max-snippet:-1","max-image-preview":"max-image-preview:large","max-video-preview":"max-video-preview:-1"},"canonical":"https:\/\/castellgardenylleida.com\/ca\/politica-de-privacidad\/","og_locale":"ca_ES","og_type":"article","og_title":"Pol\u00edtica de privacidad - Castell Gardeny Lleida","og_url":"https:\/\/castellgardenylleida.com\/ca\/politica-de-privacidad\/","og_site_name":"Castell Gardeny Lleida","article_modified_time":"2019-10-23T09:47:09+00:00","twitter_card":"summary_large_image","twitter_misc":{"Temps estimat de lectura":"4 minuts"},"schema":{"@context":"https:\/\/schema.org","@graph":[{"@type":"WebPage","@id":"https:\/\/castellgardenylleida.com\/ca\/politica-de-privacidad\/","url":"https:\/\/castellgardenylleida.com\/ca\/politica-de-privacidad\/","name":"Pol\u00edtica de privacidad - Castell Gardeny Lleida","isPartOf":{"@id":"https:\/\/castellgardenylleida.com\/ca\/#website"},"datePublished":"2019-10-23T01:11:33+00:00","dateModified":"2019-10-23T09:47:09+00:00","breadcrumb":{"@id":"https:\/\/castellgardenylleida.com\/ca\/politica-de-privacidad\/#breadcrumb"},"inLanguage":"ca","potentialAction":[{"@type":"ReadAction","target":["https:\/\/castellgardenylleida.com\/ca\/politica-de-privacidad\/"]}]},{"@type":"BreadcrumbList","@id":"https:\/\/castellgardenylleida.com\/ca\/politica-de-privacidad\/#breadcrumb","itemListElement":[{"@type":"ListItem","position":1,"name":"Portada","item":"https:\/\/castellgardenylleida.com\/"},{"@type":"ListItem","position":2,"name":"Pol\u00edtica de privacidad"}]},{"@type":"WebSite","@id":"https:\/\/castellgardenylleida.com\/ca\/#website","url":"https:\/\/castellgardenylleida.com\/ca\/","name":"Castell Gardeny Lleida","description":"turo de gardeny","publisher":{"@id":"https:\/\/castellgardenylleida.com\/ca\/#organization"},"potentialAction":[{"@type":"SearchAction","target":{"@type":"EntryPoint","urlTemplate":"https:\/\/castellgardenylleida.com\/ca\/?s={search_term_string}"},"query-input":{"@type":"PropertyValueSpecification","valueRequired":true,"valueName":"search_term_string"}}],"inLanguage":"ca"},{"@type":"Organization","@id":"https:\/\/castellgardenylleida.com\/ca\/#organization","name":"Castell Gardeny Lleida","url":"https:\/\/castellgardenylleida.com\/ca\/","logo":{"@type":"ImageObject","inLanguage":"ca","@id":"https:\/\/castellgardenylleida.com\/ca\/#\/schema\/logo\/image\/","url":"https:\/\/castellgardenylleida.com\/wp-content\/uploads\/2019\/09\/cropped-LOGOTIP_ACCG_blanc.png","contentUrl":"https:\/\/castellgardenylleida.com\/wp-content\/uploads\/2019\/09\/cropped-LOGOTIP_ACCG_blanc.png","width":500,"height":199,"caption":"Castell Gardeny Lleida"},"image":{"@id":"https:\/\/castellgardenylleida.com\/ca\/#\/schema\/logo\/image\/"}}]}},"_links":{"self":[{"href":"https:\/\/castellgardenylleida.com\/ca\/wp-json\/wp\/v2\/pages\/1644","targetHints":{"allow":["GET"]}}],"collection":[{"href":"https:\/\/castellgardenylleida.com\/ca\/wp-json\/wp\/v2\/pages"}],"about":[{"href":"https:\/\/castellgardenylleida.com\/ca\/wp-json\/wp\/v2\/types\/page"}],"author":[{"embeddable":true,"href":"https:\/\/castellgardenylleida.com\/ca\/wp-json\/wp\/v2\/users\/1"}],"replies":[{"embeddable":true,"href":"https:\/\/castellgardenylleida.com\/ca\/wp-json\/wp\/v2\/comments?post=1644"}],"version-history":[{"count":3,"href":"https:\/\/castellgardenylleida.com\/ca\/wp-json\/wp\/v2\/pages\/1644\/revisions"}],"predecessor-version":[{"id":1652,"href":"https:\/\/castellgardenylleida.com\/ca\/wp-json\/wp\/v2\/pages\/1644\/revisions\/1652"}],"wp:attachment":[{"href":"https:\/\/castellgardenylleida.com\/ca\/wp-json\/wp\/v2\/media?parent=1644"}],"curies":[{"name":"wp","href":"https:\/\/api.w.org\/{rel}","templated":true}]}}