{"id":1132,"date":"2019-09-24T11:21:21","date_gmt":"2019-09-24T11:21:21","guid":{"rendered":"http:\/\/castellgardenylleida.com\/?page_id=1132"},"modified":"2019-10-29T11:49:43","modified_gmt":"2019-10-29T11:49:43","slug":"historia","status":"publish","type":"page","link":"https:\/\/castellgardenylleida.com\/ca\/historia\/","title":{"rendered":"HIST\u00d2RIA"},"content":{"rendered":"<div class=\"wpb-content-wrapper\"><div class=\"vc_row wpb_row vc_row-fluid shape_divider_top-none shape_divider_bottom-none\"><div class=\"wpb_column vc_column_container vc_col-sm-12 sc_layouts_column_icons_position_left\"><div class=\"vc_column-inner\"><div class=\"wpb_wrapper\">\n\t\t\t<!-- START Slider 2 11 REVOLUTION SLIDER 6.7.27 --><p class=\"rs-p-wp-fix\"><\/p>\n\t\t\t<rs-module-wrap id=\"rev_slider_5_1_wrapper\" data-source=\"gallery\" style=\"visibility:hidden;background:transparent;padding:0;margin:0px auto;margin-top:0;margin-bottom:0;\">\n\t\t\t\t<rs-module id=\"rev_slider_5_1\" style=\"\" data-version=\"6.7.27\">\n\t\t\t\t\t<rs-slides style=\"overflow: hidden; position: absolute;\">\n\t\t\t\t\t\t<rs-slide style=\"position: absolute;\" data-key=\"rs-7\" data-title=\"Slide\" data-in=\"y:(-100%);col:5;\">\n\t\t\t\t\t\t\t<img decoding=\"async\" src=\"\/\/castellgardenylleida.com\/wp-content\/plugins\/Slider-Revolution-v6.7.27\/sr6\/assets\/assets\/dummy.png\" alt=\"\" title=\"shutterstock_601797326\" width=\"2500\" height=\"1674\" class=\"rev-slidebg tp-rs-img rs-lazyload\" data-lazyload=\"\/\/castellgardenylleida.com\/wp-content\/uploads\/2019\/09\/shutterstock_601797326.jpg\" data-bg=\"p:center top;\" data-no-retina>\n<!---->\t\t\t\t\t<\/rs-slide>\n\t\t\t\t\t<\/rs-slides>\n\t\t\t\t<\/rs-module>\n\t\t\t\t<script>\n\t\t\t\t\tsetREVStartSize({c: 'rev_slider_5_1',rl:[1024,1024,1024,480],el:[1100,1100,1100,348],gw:[1240,1240,1240,480],gh:[1100,1100,1100,650],type:'standard',justify:'',layout:'fullwidth',mh:\"0\"});if (window.RS_MODULES!==undefined && window.RS_MODULES.modules!==undefined && window.RS_MODULES.modules[\"revslider51\"]!==undefined) {window.RS_MODULES.modules[\"revslider51\"].once = false;window.revapi5 = undefined;if (window.RS_MODULES.checkMinimal!==undefined) window.RS_MODULES.checkMinimal()}\n\t\t\t\t<\/script>\n\t\t\t<\/rs-module-wrap>\n\t\t\t<!-- END REVOLUTION SLIDER -->\n<\/div><\/div><\/div><\/div><div class=\"vc_row wpb_row vc_row-fluid shape_divider_top-none shape_divider_bottom-none\"><div class=\"wpb_column vc_column_container vc_col-sm-12 sc_layouts_column_icons_position_left\"><div class=\"vc_column-inner\"><div class=\"wpb_wrapper\"><div id=\"sc_title_1580518114\"\n\t\tclass=\"sc_title color_style_default sc_title_default\"><h2 class=\"sc_item_title sc_title_title sc_align_left sc_item_title_style_default\">HIST\u00d2RIA<\/h2><\/div><!-- \/.sc_title --><\/div><\/div><\/div><\/div><div class=\"vc_row wpb_row vc_row-fluid shape_divider_top-none shape_divider_bottom-none\"><div class=\"wpb_column vc_column_container vc_col-sm-12 sc_layouts_column_icons_position_left\"><div class=\"vc_column-inner\"><div class=\"wpb_wrapper\"><div class=\"vc_empty_space\"   style=\"height: 32px\"><span class=\"vc_empty_space_inner\"><\/span><\/div><\/div><\/div><\/div><\/div><div class=\"vc_row wpb_row vc_row-fluid shape_divider_top-none shape_divider_bottom-none\"><div class=\"wpb_column vc_column_container vc_col-sm-12 sc_layouts_column_icons_position_left\"><div class=\"vc_column-inner\"><div class=\"wpb_wrapper\">\n\t<div class=\"wpb_text_column wpb_content_element\" >\n\t\t<div class=\"wpb_wrapper\">\n\t\t\t<p>La\u00a0Ordre dels Pobres Companys de Crist i del Temple de Salom\u00f3\u00a0(en\u00a0llat\u00ed\u00a0:\u00a0Pauperes Commilitones Christi Templique Salomonici\u00a0), tamb\u00e9 anomenada l\u2019Ordre del Temple\u00a0, els membres s\u00f3n coneguts com\u00a0cavallers templers\u00a0, va ser una de les m\u00e9s poderoses\u00a0ordres militars\u00a0cristianes\u00a0de la\u00a0edat Mitjana\u00a0.\u00a0\u00a0Es va mantenir activa durant una mica menys de dos segles.<br \/>\nVa ser fundada per Hugo de Payens i Geoffroy de Saint-Omer, el seu prop\u00f2sit original era protegir les vides dels cristians que\u00a0peregrinaven\u00a0a\u00a0Jerusalem\u00a0despr\u00e9s de la seva conquesta.\u00a0L&#8217;ordre va ser reconeguda pel\u00a0patriarca llat\u00ed\u00a0de Jerusalem,\u00a0Garmond de Picquigny\u00a0, que li va imposar com a regla la dels canonges agustins del\u00a0Sant Sepulcre\u00a0; L\u2019any 1118 neix l\u2019Ordre del Pobres Cavallers de Crist\u2026.<br \/>\nTornant a prop dels llocs sagrats, Baudoin II, rei de Jerusalem, els concedeix una part del seu palau, al lloc del Temple de Salom\u00f3. Esdevenent molt r\u00e0pidament els Cavallers del Temple a causa d\u2019aquesta ubicaci\u00f3 simb\u00f3lica.<br \/>\nA continuaci\u00f3, van assistir set cavaller francesos: Andr\u00e9 de Montbard, Gondemare, Godefroy, Roral, Payen de Montd\u00e9sir, Geoffroy Bisol i Archembaud de Saint-Agnan. L\u2019Ordre del Temple va prendre forma l\u2019any 1119 per aquests nou cavallers que volien protegir els cristians en el pelegrinatge a Jerusalem.<\/p>\n\n\t\t<\/div>\n\t<\/div>\n<\/div><\/div><\/div><\/div><div class=\"vc_row wpb_row vc_row-fluid shape_divider_top-none shape_divider_bottom-none\"><div class=\"wpb_column vc_column_container vc_col-sm-12 sc_layouts_column_icons_position_left\"><div class=\"vc_column-inner\"><div class=\"wpb_wrapper\"><div class=\"vc_empty_space\"   style=\"height: 32px\"><span class=\"vc_empty_space_inner\"><\/span><\/div><\/div><\/div><\/div><\/div><div class=\"vc_row wpb_row vc_row-fluid shape_divider_top-none shape_divider_bottom-none\"><div class=\"wpb_column vc_column_container vc_col-sm-12 sc_layouts_column_icons_position_left\"><div class=\"vc_column-inner\"><div class=\"wpb_wrapper\">\n\t<div  class=\"wpb_single_image wpb_content_element vc_align_right wpb_content_element\">\n\t\t\n\t\t<figure class=\"wpb_wrapper vc_figure\">\n\t\t\t<div class=\"vc_single_image-wrapper   vc_box_border_grey\"><img decoding=\"async\" width=\"1280\" height=\"850\" data-src=\"https:\/\/castellgardenylleida.com\/wp-content\/uploads\/2019\/09\/GARDENY\u00a9jclariana04.jpg\" class=\"vc_single_image-img attachment-full lazyload\" alt=\"\" title=\"GARDENY\u00a9jclariana04\" data-srcset=\"https:\/\/castellgardenylleida.com\/wp-content\/uploads\/2019\/09\/GARDENY\u00a9jclariana04.jpg 1280w, https:\/\/castellgardenylleida.com\/wp-content\/uploads\/2019\/09\/GARDENY\u00a9jclariana04-300x199.jpg 300w, https:\/\/castellgardenylleida.com\/wp-content\/uploads\/2019\/09\/GARDENY\u00a9jclariana04-768x510.jpg 768w, https:\/\/castellgardenylleida.com\/wp-content\/uploads\/2019\/09\/GARDENY\u00a9jclariana04-1024x680.jpg 1024w, https:\/\/castellgardenylleida.com\/wp-content\/uploads\/2019\/09\/GARDENY\u00a9jclariana04-370x246.jpg 370w, https:\/\/castellgardenylleida.com\/wp-content\/uploads\/2019\/09\/GARDENY\u00a9jclariana04-760x505.jpg 760w, https:\/\/castellgardenylleida.com\/wp-content\/uploads\/2019\/09\/GARDENY\u00a9jclariana04-740x491.jpg 740w\" data-sizes=\"(max-width: 1280px) 100vw, 1280px\" src=\"data:image\/gif;base64,R0lGODlhAQABAAAAACH5BAEKAAEALAAAAAABAAEAAAICTAEAOw==\" style=\"--smush-placeholder-width: 1280px; --smush-placeholder-aspect-ratio: 1280\/850;\" \/><\/div>\n\t\t<\/figure>\n\t<\/div>\n<\/div><\/div><\/div><\/div><div class=\"vc_row wpb_row vc_row-fluid shape_divider_top-none shape_divider_bottom-none\"><div class=\"wpb_column vc_column_container vc_col-sm-12 sc_layouts_column_icons_position_left\"><div class=\"vc_column-inner\"><div class=\"wpb_wrapper\"><div class=\"vc_empty_space\"   style=\"height: 32px\"><span class=\"vc_empty_space_inner\"><\/span><\/div><\/div><\/div><\/div><\/div><div class=\"vc_row wpb_row vc_row-fluid shape_divider_top-none shape_divider_bottom-none\"><div class=\"wpb_column vc_column_container vc_col-sm-12 sc_layouts_column_icons_position_left\"><div class=\"vc_column-inner\"><div class=\"wpb_wrapper\">\n\t<div class=\"wpb_text_column wpb_content_element\" >\n\t\t<div class=\"wpb_wrapper\">\n\t\t\t<p>Aprovada oficialment per la\u00a0Esgl\u00e9sia cat\u00f2lica\u00a0en\u00a01129\u00a0, durant el\u00a0Concili de Troyes\u00a0(celebrat a la\u00a0catedral\u00a0de la mateixa ciutat), l&#8217;Orde del Temple va cr\u00e9ixer r\u00e0pidament en grand\u00e0ria i poder.\u00a0Els cavallers templers tenien com a distintiu un\u00a0mantell\u00a0blanc amb una\u00a0creu pat\u00e9\u00a0vermella dibuixada en ell.\u00a0El 24 d&#8217;abril de 1147, el papa\u00a0Eugeni III\u00a0va concedir el dret a portar permanentment la creu;\u00a0creu senzilla, per\u00f2 ancorada o pat\u00e9, que simbolitzava el martiri de\u00a0Crist;\u00a0de color vermell, perqu\u00e8 el vermell era el s\u00edmbol de la sang vessada per Crist, per\u00f2 tamb\u00e9 de la vida.\u00a0La creu estava col\u00b7locada en el seu mantell sobre l&#8217;espatlla esquerra, a sobre del cor. \u00bbMilitarment, els seus membres es trobaven entre les unitats millor entrenades que van participar en les\u00a0croades\u00a0.\u00a0\u00a0Els membres no combatents de l&#8217;ordre van gestionar una complexa estructura econ\u00f2mica dins el m\u00f3n cristi\u00e0.\u00a0Van crear, fins i tot, noves t\u00e8cniques financeres que constitueixen una forma primitiva del modern\u00a0banc\u00a0.\u00a0\u00a0L&#8217;ordre, a m\u00e9s, va edificar una s\u00e8rie de\u00a0fortificacions\u00a0per tot el\u00a0mar Mediterrani\u00a0i\u00a0Terra Santa\u00a0.<\/p>\n<p>&nbsp;<\/p>\n<p><img decoding=\"async\" class=\"alignnone size-medium wp-image-1582 lazyload\" data-src=\"https:\/\/castellgardenylleida.com\/wp-content\/uploads\/2019\/10\/castellvg.jpg\" alt=\"\" width=\"100%\" height=\"auto\" data-srcset=\"https:\/\/castellgardenylleida.com\/wp-content\/uploads\/2019\/10\/castellvg.jpg 942w, https:\/\/castellgardenylleida.com\/wp-content\/uploads\/2019\/10\/castellvg-300x210.jpg 300w, https:\/\/castellgardenylleida.com\/wp-content\/uploads\/2019\/10\/castellvg-768x537.jpg 768w, https:\/\/castellgardenylleida.com\/wp-content\/uploads\/2019\/10\/castellvg-370x259.jpg 370w, https:\/\/castellgardenylleida.com\/wp-content\/uploads\/2019\/10\/castellvg-760x532.jpg 760w, https:\/\/castellgardenylleida.com\/wp-content\/uploads\/2019\/10\/castellvg-740x518.jpg 740w\" data-sizes=\"(max-width: 942px) 100vw, 942px\" src=\"data:image\/gif;base64,R0lGODlhAQABAAAAACH5BAEKAAEALAAAAAABAAEAAAICTAEAOw==\" style=\"--smush-placeholder-width: 942px; --smush-placeholder-aspect-ratio: 942\/659;\" \/><\/p>\n<p>L&#8217;\u00e8xit dels templers es vincula estretament a les croades.\u00a0La p\u00e8rdua de Terra Santa va derivar en la desaparici\u00f3 dels suports a l&#8217;ordre.\u00a0A m\u00e9s, els rumors generats al voltant de la secreta cerim\u00f2nia d&#8217;iniciaci\u00f3 dels templers van crear una gran desconfian\u00e7a.\u00a0Felip IV de Fran\u00e7a\u00a0, fortament endeutat amb l&#8217;ordre i atemorit pel seu creixent poder, va comen\u00e7ar a pressionar al\u00a0papa Climent V\u00a0amb l&#8217;objecte que prengu\u00e9s mesures contra els seus integrants. El mat\u00ed del Divendres 13 d\u2019Octubre de 1307\u00a0, un gran nombre de templers van ser capturats, indu\u00efts a confessar sota tortura i cremats a la foguera.\u00a0\u00a0El 22 de Mar\u00e7 de\u00a01312, el papa Climent V va cedir a les pressions de Felip IV i va dissoldre l&#8217;ordre.<br \/>\nL\u201911 de Mar\u00e7 de 1314, l\u2019\u00faltim gran mestre de l\u2019Ordre, Jacques de Molay i Geoffroy de Charnay van ser lliurats a les flames d\u2019una foguera erigida a l\u2019illa de Par\u00eds.<br \/>\nLa seva abrupta eradicaci\u00f3 va donar lloc a especulacions i llegendes que han mantingut viu fins als nostres dies el nom dels cavallers templers.<\/p>\n\n\t\t<\/div>\n\t<\/div>\n<\/div><\/div><\/div><\/div><div class=\"vc_row wpb_row vc_row-fluid shape_divider_top-none shape_divider_bottom-none\"><div class=\"wpb_column vc_column_container vc_col-sm-12 sc_layouts_column_icons_position_left\"><div class=\"vc_column-inner\"><div class=\"wpb_wrapper\"><div class=\"vc_empty_space\"   style=\"height: 32px\"><span class=\"vc_empty_space_inner\"><\/span><\/div><\/div><\/div><\/div><\/div>\n<\/div>","protected":false},"excerpt":{"rendered":"HIST\u00d2RIA La\u00a0Ordre dels Pobres Companys de Crist i del Temple de Salom\u00f3\u00a0(en\u00a0llat\u00ed\u00a0:\u00a0Pauperes Commilitones Christi Templique Salomonici\u00a0), tamb\u00e9 anomenada l\u2019Ordre del Temple\u00a0, els membres s\u00f3n coneguts com\u00a0cavallers templers\u00a0, va ser una de les m\u00e9s poderoses\u00a0ordres militars\u00a0cristianes\u00a0de&hellip;","protected":false},"author":1,"featured_media":0,"parent":0,"menu_order":0,"comment_status":"closed","ping_status":"closed","template":"","meta":{"footnotes":""},"class_list":["post-1132","page","type-page","status-publish","hentry"],"yoast_head":"<!-- This site is optimized with the Yoast SEO plugin v24.8.1 - https:\/\/yoast.com\/wordpress\/plugins\/seo\/ -->\n<title>HIST\u00d2RIA - Castell Gardeny Lleida<\/title>\n<meta name=\"robots\" content=\"index, follow, max-snippet:-1, max-image-preview:large, max-video-preview:-1\" \/>\n<link rel=\"canonical\" href=\"https:\/\/castellgardenylleida.com\/ca\/historia\/\" \/>\n<meta property=\"og:locale\" content=\"ca_ES\" \/>\n<meta property=\"og:type\" content=\"article\" \/>\n<meta property=\"og:title\" content=\"HIST\u00d2RIA - Castell Gardeny Lleida\" \/>\n<meta property=\"og:url\" content=\"https:\/\/castellgardenylleida.com\/ca\/historia\/\" \/>\n<meta property=\"og:site_name\" content=\"Castell Gardeny Lleida\" \/>\n<meta property=\"article:modified_time\" content=\"2019-10-29T11:49:43+00:00\" \/>\n<meta property=\"og:image\" content=\"https:\/\/castellgardenylleida.com\/wp-content\/uploads\/2019\/10\/castellvg.jpg\" \/>\n<meta name=\"twitter:card\" content=\"summary_large_image\" \/>\n<meta name=\"twitter:label1\" content=\"Temps estimat de lectura\" \/>\n\t<meta name=\"twitter:data1\" content=\"4 minuts\" \/>\n<script type=\"application\/ld+json\" class=\"yoast-schema-graph\">{\"@context\":\"https:\/\/schema.org\",\"@graph\":[{\"@type\":\"WebPage\",\"@id\":\"https:\/\/castellgardenylleida.com\/ca\/historia\/\",\"url\":\"https:\/\/castellgardenylleida.com\/ca\/historia\/\",\"name\":\"HIST\u00d2RIA - Castell Gardeny Lleida\",\"isPartOf\":{\"@id\":\"https:\/\/castellgardenylleida.com\/ca\/#website\"},\"primaryImageOfPage\":{\"@id\":\"https:\/\/castellgardenylleida.com\/ca\/historia\/#primaryimage\"},\"image\":{\"@id\":\"https:\/\/castellgardenylleida.com\/ca\/historia\/#primaryimage\"},\"thumbnailUrl\":\"https:\/\/castellgardenylleida.com\/wp-content\/uploads\/2019\/10\/castellvg.jpg\",\"datePublished\":\"2019-09-24T11:21:21+00:00\",\"dateModified\":\"2019-10-29T11:49:43+00:00\",\"breadcrumb\":{\"@id\":\"https:\/\/castellgardenylleida.com\/ca\/historia\/#breadcrumb\"},\"inLanguage\":\"ca\",\"potentialAction\":[{\"@type\":\"ReadAction\",\"target\":[\"https:\/\/castellgardenylleida.com\/ca\/historia\/\"]}]},{\"@type\":\"ImageObject\",\"inLanguage\":\"ca\",\"@id\":\"https:\/\/castellgardenylleida.com\/ca\/historia\/#primaryimage\",\"url\":\"https:\/\/castellgardenylleida.com\/wp-content\/uploads\/2019\/10\/castellvg.jpg\",\"contentUrl\":\"https:\/\/castellgardenylleida.com\/wp-content\/uploads\/2019\/10\/castellvg.jpg\"},{\"@type\":\"BreadcrumbList\",\"@id\":\"https:\/\/castellgardenylleida.com\/ca\/historia\/#breadcrumb\",\"itemListElement\":[{\"@type\":\"ListItem\",\"position\":1,\"name\":\"Portada\",\"item\":\"https:\/\/castellgardenylleida.com\/\"},{\"@type\":\"ListItem\",\"position\":2,\"name\":\"HIST\u00d2RIA\"}]},{\"@type\":\"WebSite\",\"@id\":\"https:\/\/castellgardenylleida.com\/ca\/#website\",\"url\":\"https:\/\/castellgardenylleida.com\/ca\/\",\"name\":\"Castell Gardeny Lleida\",\"description\":\"turo de gardeny\",\"publisher\":{\"@id\":\"https:\/\/castellgardenylleida.com\/ca\/#organization\"},\"potentialAction\":[{\"@type\":\"SearchAction\",\"target\":{\"@type\":\"EntryPoint\",\"urlTemplate\":\"https:\/\/castellgardenylleida.com\/ca\/?s={search_term_string}\"},\"query-input\":{\"@type\":\"PropertyValueSpecification\",\"valueRequired\":true,\"valueName\":\"search_term_string\"}}],\"inLanguage\":\"ca\"},{\"@type\":\"Organization\",\"@id\":\"https:\/\/castellgardenylleida.com\/ca\/#organization\",\"name\":\"Castell Gardeny Lleida\",\"url\":\"https:\/\/castellgardenylleida.com\/ca\/\",\"logo\":{\"@type\":\"ImageObject\",\"inLanguage\":\"ca\",\"@id\":\"https:\/\/castellgardenylleida.com\/ca\/#\/schema\/logo\/image\/\",\"url\":\"https:\/\/castellgardenylleida.com\/wp-content\/uploads\/2019\/09\/cropped-LOGOTIP_ACCG_blanc.png\",\"contentUrl\":\"https:\/\/castellgardenylleida.com\/wp-content\/uploads\/2019\/09\/cropped-LOGOTIP_ACCG_blanc.png\",\"width\":500,\"height\":199,\"caption\":\"Castell Gardeny Lleida\"},\"image\":{\"@id\":\"https:\/\/castellgardenylleida.com\/ca\/#\/schema\/logo\/image\/\"}}]}<\/script>\n<!-- \/ Yoast SEO plugin. -->","yoast_head_json":{"title":"HIST\u00d2RIA - Castell Gardeny Lleida","robots":{"index":"index","follow":"follow","max-snippet":"max-snippet:-1","max-image-preview":"max-image-preview:large","max-video-preview":"max-video-preview:-1"},"canonical":"https:\/\/castellgardenylleida.com\/ca\/historia\/","og_locale":"ca_ES","og_type":"article","og_title":"HIST\u00d2RIA - Castell Gardeny Lleida","og_url":"https:\/\/castellgardenylleida.com\/ca\/historia\/","og_site_name":"Castell Gardeny Lleida","article_modified_time":"2019-10-29T11:49:43+00:00","og_image":[{"url":"https:\/\/castellgardenylleida.com\/wp-content\/uploads\/2019\/10\/castellvg.jpg","type":"","width":"","height":""}],"twitter_card":"summary_large_image","twitter_misc":{"Temps estimat de lectura":"4 minuts"},"schema":{"@context":"https:\/\/schema.org","@graph":[{"@type":"WebPage","@id":"https:\/\/castellgardenylleida.com\/ca\/historia\/","url":"https:\/\/castellgardenylleida.com\/ca\/historia\/","name":"HIST\u00d2RIA - Castell Gardeny Lleida","isPartOf":{"@id":"https:\/\/castellgardenylleida.com\/ca\/#website"},"primaryImageOfPage":{"@id":"https:\/\/castellgardenylleida.com\/ca\/historia\/#primaryimage"},"image":{"@id":"https:\/\/castellgardenylleida.com\/ca\/historia\/#primaryimage"},"thumbnailUrl":"https:\/\/castellgardenylleida.com\/wp-content\/uploads\/2019\/10\/castellvg.jpg","datePublished":"2019-09-24T11:21:21+00:00","dateModified":"2019-10-29T11:49:43+00:00","breadcrumb":{"@id":"https:\/\/castellgardenylleida.com\/ca\/historia\/#breadcrumb"},"inLanguage":"ca","potentialAction":[{"@type":"ReadAction","target":["https:\/\/castellgardenylleida.com\/ca\/historia\/"]}]},{"@type":"ImageObject","inLanguage":"ca","@id":"https:\/\/castellgardenylleida.com\/ca\/historia\/#primaryimage","url":"https:\/\/castellgardenylleida.com\/wp-content\/uploads\/2019\/10\/castellvg.jpg","contentUrl":"https:\/\/castellgardenylleida.com\/wp-content\/uploads\/2019\/10\/castellvg.jpg"},{"@type":"BreadcrumbList","@id":"https:\/\/castellgardenylleida.com\/ca\/historia\/#breadcrumb","itemListElement":[{"@type":"ListItem","position":1,"name":"Portada","item":"https:\/\/castellgardenylleida.com\/"},{"@type":"ListItem","position":2,"name":"HIST\u00d2RIA"}]},{"@type":"WebSite","@id":"https:\/\/castellgardenylleida.com\/ca\/#website","url":"https:\/\/castellgardenylleida.com\/ca\/","name":"Castell Gardeny Lleida","description":"turo de gardeny","publisher":{"@id":"https:\/\/castellgardenylleida.com\/ca\/#organization"},"potentialAction":[{"@type":"SearchAction","target":{"@type":"EntryPoint","urlTemplate":"https:\/\/castellgardenylleida.com\/ca\/?s={search_term_string}"},"query-input":{"@type":"PropertyValueSpecification","valueRequired":true,"valueName":"search_term_string"}}],"inLanguage":"ca"},{"@type":"Organization","@id":"https:\/\/castellgardenylleida.com\/ca\/#organization","name":"Castell Gardeny Lleida","url":"https:\/\/castellgardenylleida.com\/ca\/","logo":{"@type":"ImageObject","inLanguage":"ca","@id":"https:\/\/castellgardenylleida.com\/ca\/#\/schema\/logo\/image\/","url":"https:\/\/castellgardenylleida.com\/wp-content\/uploads\/2019\/09\/cropped-LOGOTIP_ACCG_blanc.png","contentUrl":"https:\/\/castellgardenylleida.com\/wp-content\/uploads\/2019\/09\/cropped-LOGOTIP_ACCG_blanc.png","width":500,"height":199,"caption":"Castell Gardeny Lleida"},"image":{"@id":"https:\/\/castellgardenylleida.com\/ca\/#\/schema\/logo\/image\/"}}]}},"_links":{"self":[{"href":"https:\/\/castellgardenylleida.com\/ca\/wp-json\/wp\/v2\/pages\/1132","targetHints":{"allow":["GET"]}}],"collection":[{"href":"https:\/\/castellgardenylleida.com\/ca\/wp-json\/wp\/v2\/pages"}],"about":[{"href":"https:\/\/castellgardenylleida.com\/ca\/wp-json\/wp\/v2\/types\/page"}],"author":[{"embeddable":true,"href":"https:\/\/castellgardenylleida.com\/ca\/wp-json\/wp\/v2\/users\/1"}],"replies":[{"embeddable":true,"href":"https:\/\/castellgardenylleida.com\/ca\/wp-json\/wp\/v2\/comments?post=1132"}],"version-history":[{"count":23,"href":"https:\/\/castellgardenylleida.com\/ca\/wp-json\/wp\/v2\/pages\/1132\/revisions"}],"predecessor-version":[{"id":1719,"href":"https:\/\/castellgardenylleida.com\/ca\/wp-json\/wp\/v2\/pages\/1132\/revisions\/1719"}],"wp:attachment":[{"href":"https:\/\/castellgardenylleida.com\/ca\/wp-json\/wp\/v2\/media?parent=1132"}],"curies":[{"name":"wp","href":"https:\/\/api.w.org\/{rel}","templated":true}]}}